{"id":1224,"date":"2025-03-22T19:05:19","date_gmt":"2025-03-22T18:05:19","guid":{"rendered":"https:\/\/giit.es\/servicios\/camaras-de-seguridad\/"},"modified":"2025-04-03T07:36:07","modified_gmt":"2025-04-03T07:36:07","slug":"camaras-de-seguridad","status":"publish","type":"servicios","link":"https:\/\/giit.es\/pt-pt\/servi\u00e7os\/camaras-de-seguridad\/","title":{"rendered":"C\u00e2maras de seguran\u00e7a"},"content":{"rendered":"<!-- Section Herogeneral Bloque -->\r\n            <section id=\"block-section-herogeneral\" class=\"section-herogeneral\">\r\n                \r\n<!-- Start Breadcrumb Section -->\r\n<div class=\"breadcrumb-section overflow-hidden\">\r\n\t<div class=\"overlay\"><\/div>\r\n\t<picture class=\"section-picturebg_GIT\">\r\n\t\t<img decoding=\"async\" width=\"1600\" height=\"900\" src=\"https:\/\/giit.es\/wp-content\/uploads\/2025\/04\/PHOTO-2025-01-29-16-00-02-5.jpg\" class=\"attachment-1224 size-1224 wp-post-image\" alt=\"\" full=\"\" srcset=\"https:\/\/giit.es\/wp-content\/uploads\/2025\/04\/PHOTO-2025-01-29-16-00-02-5.jpg 1600w, https:\/\/giit.es\/wp-content\/uploads\/2025\/04\/PHOTO-2025-01-29-16-00-02-5-300x169.jpg 300w, https:\/\/giit.es\/wp-content\/uploads\/2025\/04\/PHOTO-2025-01-29-16-00-02-5-1024x576.jpg 1024w, https:\/\/giit.es\/wp-content\/uploads\/2025\/04\/PHOTO-2025-01-29-16-00-02-5-768x432.jpg 768w, https:\/\/giit.es\/wp-content\/uploads\/2025\/04\/PHOTO-2025-01-29-16-00-02-5-1536x864.jpg 1536w\" sizes=\"(max-width: 1600px) 100vw, 1600px\" \/>\t<\/picture>\r\n\t<div class=\"container-fluid one pl--95\">\r\n\t\t<div class=\"row g-lg-4 gy-5\">\r\n\t\t\t<div class=\"col-lg-12\">\r\n\t\t\t\t<div class=\"banner-content\">\r\n\r\n\t\t\t\t\t<h1 class=\"mb-3\">\r\n\t\t\t\t\t\tC\u00e2maras de seguran\u00e7a\t\t\t\t\t<\/h1>\r\n\t\t\t\t\t<ul class=\"breadcrumb-list\">\r\n\t\t\t\t\t\t\r\n\r\n\t\t\t\t\t\t            <div class=\"SQ_migas_yoast \">\r\n                <p id=\"breadcrumbs\"><span><span><a href=\"https:\/\/giit.es\/pt-pt\/\">In\u00edcio<\/a><\/span><\/span><\/p>            <\/div>\r\n            \r\n\t\t\t\t\t<\/ul>\r\n\t\t\t\t<\/div>\r\n\t\t\t<\/div>\r\n\t\t\t\t\t<\/div>\r\n\t<\/div>\r\n<\/div>\r\n<!-- End Breadcrumb Section -->\r\n            <\/section>\r\n            <!-- FIN Section Herogeneral Bloque -->\n\n<!-- Section Detalle Bloque -->\r\n            <section id=\"block-section-detalle\" class=\"section-detalle\">\r\n                \r\n<!-- Strat About Section -->\r\n<div class=\"home4-about-section\">\r\n    <div class=\"container-fluid one pl--95\">\r\n        <div class=\"row g-lg-4 gy-5\">\r\n            <div class=\"col-xxl-7 col-lg-6 pr--95\">\r\n                <div class=\"about-content\">\r\n                    <div class=\"section-title1 two mb-50\">\r\n                        <span class=\"subtitle\">Detalhes<\/span>\r\n                        <h2>Notifica\u00e7\u00f5es de Seguran\u00e7a<\/h2>\r\n\r\n                        <div class=\"content\">\r\n                            <h3>Avisos espec\u00edficos para cada situa\u00e7\u00e3o e cada emerg\u00eancia<\/h3>\n<p>As melhores alertas s\u00e3o aquelas projetadas para avisar sobre uma necessidade ou uma emerg\u00eancia concreta, muito definida, de forma segura. Na GIIT conhecemos todas as marcas, fornecedores e op\u00e7\u00f5es para instalar o sistema de aviso e alarme mais adequado para cada caso. Pode ser um sistema de detec\u00e7\u00e3o de intrusos ou um alarme anti-roubo, mas tamb\u00e9m um sinal de aviso no funcionamento de um sistema de aquecimento ou de uma instala\u00e7\u00e3o de alta capacidade e import\u00e2ncia (centros t\u00e9cnicos, maquinaria pesada). Esta capacidade levou-nos a encarregar-nos de instalar ou supervisionar sistemas de seguran\u00e7a especialmente projetados para infraestruturas civis como hospitais, grandes centros comerciais ou sedes centrais dos corpos de seguran\u00e7a do Estado.<\/p>\n                        <\/div>\r\n\r\n                    <\/div>\r\n                    <div class=\"btn-and-review\">\r\n                        <a class=\"primary-btn1 btn-hover btn-oragen\" href=\"https:\/\/giit.es\/contacto\/\" target=\"_self\">\r\n                            Pedir um or\u00e7amento                            <svg xmlns=\"http:\/\/www.w3.org\/2000\/svg\" width=\"12\" height=\"12\" viewBox=\"0 0 12 12\">\r\n                                <path fill-rule=\"evenodd\" clip-rule=\"evenodd\"\r\n                                    d=\"M10.1865 1.06237L0 11.2484L0.751627 12L10.9376 1.81347V8.85645H12V0H3.14355V1.06237H10.1865Z\">\r\n                                <\/path>\r\n                            <\/svg>\r\n                            <span style=\"top: 240.594px; left: 153.5px;\"><\/span>\r\n                        <\/a>\r\n                    <\/div>\r\n                <\/div>\r\n            <\/div>\r\n            <div class=\"col-xxl-5 col-lg-6\">\r\n                <div class=\"row h-100\">\r\n                    <div class=\"col-xl-12 d-xl-flex\">\r\n                        <div class=\"about-img\">\r\n                            <img decoding=\"async\" width=\"2560\" height=\"1376\" src=\"https:\/\/giit.es\/wp-content\/uploads\/2025\/03\/detalles-1-scaled.jpg\" class=\"attachment-full size-full\" alt=\"\" srcset=\"https:\/\/giit.es\/wp-content\/uploads\/2025\/03\/detalles-1-scaled.jpg 2560w, https:\/\/giit.es\/wp-content\/uploads\/2025\/03\/detalles-1-300x161.jpg 300w, https:\/\/giit.es\/wp-content\/uploads\/2025\/03\/detalles-1-1024x551.jpg 1024w, https:\/\/giit.es\/wp-content\/uploads\/2025\/03\/detalles-1-768x413.jpg 768w, https:\/\/giit.es\/wp-content\/uploads\/2025\/03\/detalles-1-1536x826.jpg 1536w, https:\/\/giit.es\/wp-content\/uploads\/2025\/03\/detalles-1-2048x1101.jpg 2048w\" sizes=\"(max-width: 2560px) 100vw, 2560px\" \/>                        <\/div>\r\n                    <\/div>\r\n                <\/div>\r\n            <\/div>\r\n        <\/div>\r\n    <\/div>\r\n<\/div>\r\n            <\/section>\r\n            <!-- FIN Section Detalle Bloque -->\n\n<!-- Section Proyectosrelacionados Bloque -->\r\n            <section id=\"block-section-proyectosrelacionados\" class=\"section-proyectosrelacionados\">\r\n                \r\n<div class=\"project-section mb-130\">\r\n    <div class=\"container-fluid one\">\r\n        <div class=\"row g-4\">\r\n            <div class=\"col-lg-12\">\r\n                <div class=\"details-section-title mb-30\">\r\n                    <svg xmlns=\"http:\/\/www.w3.org\/2000\/svg\" width=\"10\" height=\"14\" viewBox=\"0 0 10 14\">\r\n                        <path d=\"M0 14V0L10 7L0 14Z\" \/>\r\n                    <\/svg>\r\n                    <h4>Projetos relacionados<\/h4>\r\n                <\/div>\r\n            <\/div>\r\n            <div class=\"col-lg-12 mt-0\">\r\n                <div class=\"d-grid columns-proyects px-3\">\r\n\r\n                                                                        <div class=\"d-block\">\r\n                                <div class=\"project-card\">\r\n                                    <div class=\"project-img\">\r\n                                        <img decoding=\"async\" width=\"1600\" height=\"900\" src=\"https:\/\/giit.es\/wp-content\/uploads\/2025\/04\/PHOTO-2025-01-29-16-00-02-5.jpg\" class=\"attachment-full size-full wp-post-image\" alt=\"\" srcset=\"https:\/\/giit.es\/wp-content\/uploads\/2025\/04\/PHOTO-2025-01-29-16-00-02-5.jpg 1600w, https:\/\/giit.es\/wp-content\/uploads\/2025\/04\/PHOTO-2025-01-29-16-00-02-5-300x169.jpg 300w, https:\/\/giit.es\/wp-content\/uploads\/2025\/04\/PHOTO-2025-01-29-16-00-02-5-1024x576.jpg 1024w, https:\/\/giit.es\/wp-content\/uploads\/2025\/04\/PHOTO-2025-01-29-16-00-02-5-768x432.jpg 768w, https:\/\/giit.es\/wp-content\/uploads\/2025\/04\/PHOTO-2025-01-29-16-00-02-5-1536x864.jpg 1536w\" sizes=\"(max-width: 1600px) 100vw, 1600px\" \/>                                    <\/div>\r\n\r\n                                    <div class=\"project-content\">\r\n                                        <div class=\"category-title\">\r\n                                            <div class=\"category\">\r\n                                                                                                        <p>Videovigilancia<\/p>                                             <\/div>\r\n                                            <h4><a href=\"https:\/\/giit.es\/pt-pt\/proyectos\/instalacion-de-sistema-de-video-analisis-con-fibra-optica-y-megafonia-en-ciudad-deportiva-carranque-malaga\/\">Instalaci\u00f3n de sistema de V\u00eddeo an\u00e1lisis con fibra \u00f3ptica y Megafon\u00eda en Ciudad deportiva Carranque \u2013 M\u00e1laga<\/a><\/h4>\r\n                                        <\/div>\r\n                                    <\/div>\r\n                                <\/div>\r\n                            <\/div>\r\n                                                    <div class=\"d-block\">\r\n                                <div class=\"project-card\">\r\n                                    <div class=\"project-img\">\r\n                                        <img decoding=\"async\" width=\"1920\" height=\"2560\" src=\"https:\/\/giit.es\/wp-content\/uploads\/2025\/04\/PHOTO-2025-03-05-08-26-29-1-scaled.jpg\" class=\"attachment-full size-full wp-post-image\" alt=\"\" srcset=\"https:\/\/giit.es\/wp-content\/uploads\/2025\/04\/PHOTO-2025-03-05-08-26-29-1-scaled.jpg 1920w, https:\/\/giit.es\/wp-content\/uploads\/2025\/04\/PHOTO-2025-03-05-08-26-29-1-225x300.jpg 225w, https:\/\/giit.es\/wp-content\/uploads\/2025\/04\/PHOTO-2025-03-05-08-26-29-1-768x1024.jpg 768w, https:\/\/giit.es\/wp-content\/uploads\/2025\/04\/PHOTO-2025-03-05-08-26-29-1-1152x1536.jpg 1152w, https:\/\/giit.es\/wp-content\/uploads\/2025\/04\/PHOTO-2025-03-05-08-26-29-1-1536x2048.jpg 1536w\" sizes=\"(max-width: 1920px) 100vw, 1920px\" \/>                                    <\/div>\r\n\r\n                                    <div class=\"project-content\">\r\n                                        <div class=\"category-title\">\r\n                                            <div class=\"category\">\r\n                                                                                                        <p>Videovigilancia<\/p>                                             <\/div>\r\n                                            <h4><a href=\"https:\/\/giit.es\/pt-pt\/proyectos\/amazon-malaga-instalacion-de-cctv-y-control-de-acceso\/\">AMAZON MALAGA Instalaci\u00f3n de CCTV Y CONTROL DE ACCESO:<\/a><\/h4>\r\n                                        <\/div>\r\n                                    <\/div>\r\n                                <\/div>\r\n                            <\/div>\r\n                                                    <div class=\"d-block\">\r\n                                <div class=\"project-card\">\r\n                                    <div class=\"project-img\">\r\n                                        <img decoding=\"async\" width=\"559\" height=\"395\" src=\"https:\/\/giit.es\/wp-content\/uploads\/2025\/03\/Container-1.jpg\" class=\"attachment-full size-full wp-post-image\" alt=\"\" srcset=\"https:\/\/giit.es\/wp-content\/uploads\/2025\/03\/Container-1.jpg 559w, https:\/\/giit.es\/wp-content\/uploads\/2025\/03\/Container-1-300x212.jpg 300w\" sizes=\"(max-width: 559px) 100vw, 559px\" \/>                                    <\/div>\r\n\r\n                                    <div class=\"project-content\">\r\n                                        <div class=\"category-title\">\r\n                                            <div class=\"category\">\r\n                                                                                                        <p>Videovigilancia<\/p>                                             <\/div>\r\n                                            <h4><a href=\"https:\/\/giit.es\/pt-pt\/proyectos\/camaras-metro-malaga\/\">C\u00e1maras metro M\u00e1laga<\/a><\/h4>\r\n                                        <\/div>\r\n                                    <\/div>\r\n                                <\/div>\r\n                            <\/div>\r\n                                            \r\n                <\/div>\r\n            <\/div>\r\n        <\/div>\r\n    <\/div>\r\n<\/div>\r\n            <\/section>\r\n            <!-- FIN Section Proyectosrelacionados Bloque -->\n\n<!-- Section Servicios Bloque -->\r\n            <section id=\"block-section-servicios\" class=\"section-servicios\">\r\n                <!-- Start Feature card section -->\r\n<div class=\"feature-card-section mb-130 overflow-hidden\">\r\n\t<div class=\"container-fluid one\">\r\n\t\t<div class=\"row g-4\">\r\n\t\t\t<div class=\"col-lg-3 d-flex justify-content-lg-center\">\r\n\t\t\t\t<div class=\"sub-title\">\r\n\t\t\t\t\t<span class=\"subtitle\">SERVI\u00c7OS<\/span>\r\n\t\t\t\t<\/div>\r\n\t\t\t<\/div>\r\n\t\t\t<div class=\"col-lg-9\">\r\n\t\t\t\t<div class=\"row\">\r\n\t\t\t\t\t<div\r\n\t\t\t\t\t\tclass=\"col-lg-12 gap-lg-5 gap-4 d-flex flex-lg-nowrap flex-wrap align-items-start justify-content-between mb-60\">\r\n\t\t\t\t\t\t<div class=\"section-title1 one\">\r\n\t\t\t\t\t\t\t<h2>Outros servi\u00e7os de seguran\u00e7a<\/h2>\r\n\t\t\t\t\t\t<\/div>\r\n\t\t\t\t\t<\/div>\r\n\t\t\t\t\t<div class=\"col-lg-12\">\r\n\t\t\t\t\t\t<div class=\"row g-4\">\r\n\t\t\t\t\t\t\t\t\t\t\t\t\t\t\t\t\t<div class=\"col-xxl-3 col-sm-6\">\r\n\t\t\t\t\t\t\t\t\t\t\t<a href=\"https:\/\/giit.es\/pt-pt\/servi\u00e7os\/alarmas-y-alertas\/\" class=\"eg-card-2 style-2\">\r\n\t\t\t\t\t\t\t\t\t\t\t\t<div class=\"sl-no\">\r\n\t\t\t\t\t\t\t\t\t\t\t\t\t<span>01<\/span>\r\n\t\t\t\t\t\t\t\t\t\t\t\t<\/div>\r\n\t\t\t\t\t\t\t\t\t\t\t\t<div class=\"icon\">\r\n\t\t\t\t\t\t\t\t\t\t\t\t\t<img decoding=\"async\" width=\"61\" height=\"61\" src=\"https:\/\/giit.es\/wp-content\/uploads\/2025\/03\/alarma_iconos_servicios_giit-03-1.svg\" class=\"attachment-full size-full\" alt=\"\" \/>\t\t\t\t\t\t\t\t\t\t\t\t<\/div>\r\n\t\t\t\t\t\t\t\t\t\t\t\t<div class=\"content flex-grow\">\r\n\t\t\t\t\t\t\t\t\t\t\t\t\t<h5>Alarmas e alertas<\/h5>\r\n\t\t\t\t\t\t\t\t\t\t\t\t<\/div>\r\n\t\t\t\t\t\t\t\t\t\t\t\t<p>Avisos espec\u00edficos para situa\u00e7\u00f5es e emerg\u00eancias.<\/p>\r\n\t\t\t\t\t\t\t\t\t\t\t<\/a>\r\n\t\t\t\t\t\t\t\t\t\t<\/div>\r\n\t\t\t\t\t\t\t\t\t\t\t\t\t\t\t\t\t\t\t\t<div class=\"col-xxl-3 col-sm-6\">\r\n\t\t\t\t\t\t\t\t\t\t\t<a href=\"https:\/\/giit.es\/pt-pt\/servi\u00e7os\/mantenimiento\/\" class=\"eg-card-2 style-2\">\r\n\t\t\t\t\t\t\t\t\t\t\t\t<div class=\"sl-no\">\r\n\t\t\t\t\t\t\t\t\t\t\t\t\t<span>02<\/span>\r\n\t\t\t\t\t\t\t\t\t\t\t\t<\/div>\r\n\t\t\t\t\t\t\t\t\t\t\t\t<div class=\"icon\">\r\n\t\t\t\t\t\t\t\t\t\t\t\t\t<img decoding=\"async\" width=\"61\" height=\"61\" src=\"https:\/\/giit.es\/wp-content\/uploads\/2025\/03\/mantenimiento_iconos_servicios_giit-04-1.svg\" class=\"attachment-full size-full\" alt=\"\" \/>\t\t\t\t\t\t\t\t\t\t\t\t<\/div>\r\n\t\t\t\t\t\t\t\t\t\t\t\t<div class=\"content flex-grow\">\r\n\t\t\t\t\t\t\t\t\t\t\t\t\t<h5>Manuten\u00e7\u00e3o<\/h5>\r\n\t\t\t\t\t\t\t\t\t\t\t\t<\/div>\r\n\t\t\t\t\t\t\t\t\t\t\t\t<p>Controlo da qualidade e da conformidade.<\/p>\r\n\t\t\t\t\t\t\t\t\t\t\t<\/a>\r\n\t\t\t\t\t\t\t\t\t\t<\/div>\r\n\t\t\t\t\t\t\t\t\t\t\t\t\t\t\t\t\t\t\t\t<div class=\"col-xxl-3 col-sm-6\">\r\n\t\t\t\t\t\t\t\t\t\t\t<a href=\"https:\/\/giit.es\/pt-pt\/servi\u00e7os\/eficiencia-energetica\/\" class=\"eg-card-2 style-2\">\r\n\t\t\t\t\t\t\t\t\t\t\t\t<div class=\"sl-no\">\r\n\t\t\t\t\t\t\t\t\t\t\t\t\t<span>03<\/span>\r\n\t\t\t\t\t\t\t\t\t\t\t\t<\/div>\r\n\t\t\t\t\t\t\t\t\t\t\t\t<div class=\"icon\">\r\n\t\t\t\t\t\t\t\t\t\t\t\t\t<img decoding=\"async\" width=\"61\" height=\"61\" src=\"https:\/\/giit.es\/wp-content\/uploads\/2025\/03\/energy_iconos_servicios_giit-05-1.svg\" class=\"attachment-full size-full\" alt=\"\" \/>\t\t\t\t\t\t\t\t\t\t\t\t<\/div>\r\n\t\t\t\t\t\t\t\t\t\t\t\t<div class=\"content flex-grow\">\r\n\t\t\t\t\t\t\t\t\t\t\t\t\t<h5>Efici\u00eancia energ\u00e9tica<\/h5>\r\n\t\t\t\t\t\t\t\t\t\t\t\t<\/div>\r\n\t\t\t\t\t\t\t\t\t\t\t\t<p>Maximiza el ahorro energ\u00e9tico con tecnolog\u00eda LED<\/p>\r\n\t\t\t\t\t\t\t\t\t\t\t<\/a>\r\n\t\t\t\t\t\t\t\t\t\t<\/div>\r\n\t\t\t\t\t\t\t\t\t\t\t\t\t\t\t\t\t\t\t\t<div class=\"col-xxl-3 col-sm-6\">\r\n\t\t\t\t\t\t\t\t\t\t\t<a href=\"https:\/\/giit.es\/pt-pt\/servi\u00e7os\/proteccion-contra-incendios\/\" class=\"eg-card-2 style-2\">\r\n\t\t\t\t\t\t\t\t\t\t\t\t<div class=\"sl-no\">\r\n\t\t\t\t\t\t\t\t\t\t\t\t\t<span>04<\/span>\r\n\t\t\t\t\t\t\t\t\t\t\t\t<\/div>\r\n\t\t\t\t\t\t\t\t\t\t\t\t<div class=\"icon\">\r\n\t\t\t\t\t\t\t\t\t\t\t\t\t<img decoding=\"async\" width=\"61\" height=\"61\" src=\"https:\/\/giit.es\/wp-content\/uploads\/2025\/03\/incendios_iconos_servicios_giit-01-1.svg\" class=\"attachment-full size-full\" alt=\"\" \/>\t\t\t\t\t\t\t\t\t\t\t\t<\/div>\r\n\t\t\t\t\t\t\t\t\t\t\t\t<div class=\"content flex-grow\">\r\n\t\t\t\t\t\t\t\t\t\t\t\t\t<h5>Prote\u00e7\u00e3o contra inc\u00eandios<\/h5>\r\n\t\t\t\t\t\t\t\t\t\t\t\t<\/div>\r\n\t\t\t\t\t\t\t\t\t\t\t\t<p>Sistemas de dete\u00e7\u00e3o de fumo e de preven\u00e7\u00e3o de inc\u00eandios.<\/p>\r\n\t\t\t\t\t\t\t\t\t\t\t<\/a>\r\n\t\t\t\t\t\t\t\t\t\t<\/div>\r\n\t\t\t\t\t\t\t\t\t\t\t\t\t\t\t\t<\/div>\r\n\t\t\t\t\t<\/div>\r\n\t\t\t\t<\/div>\r\n\t\t\t<\/div>\r\n\t\t<\/div>\r\n\t<\/div>\r\n<\/div>\r\n<!-- End Feature card section -->\r\n            <\/section>\r\n            <!-- FIN Section Servicios Bloque -->\n\n<!-- Section Cta V1 Bloque -->\r\n            <section id=\"block-section-cta-v1\" class=\"section-cta-v1\">\r\n                \r\n<!-- Start people1-card Section -->\r\n<div class=\"people-card-section two mb-130 \">\r\n\t<div class=\"container-fluid one\">\r\n\t\t<div class=\"row g-lg-4 gy-5 section-rowcontent_GIIT\">\r\n\t\t\t<div class=\"col-xl-10 col-lg-9 section-colleft_Giit position-relative\">\r\n\t\t\t\t<div class=\"people-left-content pr--95\">\r\n\t\t\t\t\t<div class=\"section-title1 two mb-0\">\r\n\t\t\t\t\t\t<span>Contacte-nos em<\/span>\r\n\t\t\t\t\t\t<h2>Procuras melhorar a seguran\u00e7a da tua empresa?<\/h2>\r\n\t\t\t\t\t\t<p>Em GIIT, oferecemos solu\u00e7\u00f5es personalizadas em sistemas de prote\u00e7\u00e3o e efici\u00eancia energ\u00e9tica. Contacte-nos para o aconselhar!<\/p>\r\n\t\t\t\t\t\t\t\t\t\t\t\t\t\t<a class=\"primary-btn1 btn-hover\" href=\"https:\/\/giit.es\/contacto\/\" target=\"_self\">\r\n\t\t\t\t\t\t\t\t\tPedido de informa\u00e7\u00e3o\t\t\t\t\t\t\t\t\t<svg xmlns=\"http:\/\/www.w3.org\/2000\/svg\" width=\"12\" height=\"12\" viewBox=\"0 0 12 12\">\r\n\t\t\t\t\t\t\t\t\t\t<path fill-rule=\"evenodd\" clip-rule=\"evenodd\" d=\"M10.1865 1.06237L0 11.2484L0.751627 12L10.9376 1.81347V8.85645H12V0H3.14355V1.06237H10.1865Z\" \/>\r\n\t\t\t\t\t\t\t\t\t<\/svg>\r\n\t\t\t\t\t\t\t\t<\/a>\r\n\t\t\t\t\t\t\t\t\t\t\t\t<\/div>\r\n\t\t\t\t<\/div>\r\n\t\t\t<\/div>\r\n\t\t\t<div class=\"col-xl-2 col-lg-3 section-colright_Giit\">\r\n\t\t\t\t<div class=\"people-card2 two magnetic-item\">\r\n\t\t\t\t\t<div class=\"people-img\">\r\n\t\t\t\t\t\t<img decoding=\"async\" width=\"277\" height=\"277\" src=\"https:\/\/giit.es\/wp-content\/uploads\/2025\/02\/people-01.png.png\" class=\"attachment-full size-full\" alt=\"\" srcset=\"https:\/\/giit.es\/wp-content\/uploads\/2025\/02\/people-01.png.png 277w, https:\/\/giit.es\/wp-content\/uploads\/2025\/02\/people-01.png-150x150.png 150w\" sizes=\"(max-width: 277px) 100vw, 277px\" \/>\t\t\t\t\t<\/div>\r\n\t\t\t\t\t<div class=\"people-content\">\r\n\t\t\t\t\t\t<div class=\"name-deg\">\r\n\t\t\t\t\t\t\t<h5>Sonia Mata<\/h5>\r\n\t\t\t\t\t\t\t<span>Administrativo<\/span>\r\n\t\t\t\t\t\t<\/div>\r\n\t\t\t\t\t\t<div class=\"contact-area\">\r\n\t\t\t\t\t\t\t<div class=\"contact-number\">\r\n\t\t\t\t\t\t\t\t<div class=\"icon\">\r\n\t\t\t\t\t\t\t\t\t<svg xmlns=\"http:\/\/www.w3.org\/2000\/svg\" width=\"16\" height=\"16\" viewBox=\"0 0 16 16\">\r\n\t\t\t\t\t\t\t\t\t\t<path d=\"M14.7156 10.5021C13.7361 10.5021 12.7742 10.3489 11.8628 10.0477C11.4084 9.89277 10.891 10.013 10.5945 10.3151L8.79549 11.6732C6.70912 10.5595 5.42396 9.27473 4.32546 7.20402L5.64358 5.45186C5.98604 5.10986 6.10887 4.61028 5.9617 4.14153C5.65921 3.22528 5.50554 2.26391 5.50554 1.28391C5.50558 0.575957 4.92962 0 4.22171 0H1.28334C0.575469 0 -0.000488281 0.575957 -0.000488281 1.28383C-0.000488281 9.39843 6.60108 16 14.7156 16C15.4236 16 15.9995 15.424 15.9995 14.7161V11.786C15.9995 11.0781 15.4235 10.5021 14.7156 10.5021ZM15.1106 14.7161C15.1106 14.934 14.9335 15.1111 14.7156 15.1111C7.09108 15.1111 0.888426 8.90839 0.888426 1.28387C0.888426 1.066 1.06551 0.888914 1.28338 0.888914H4.22175C4.43962 0.888914 4.61671 1.066 4.61671 1.28387C4.61671 2.35895 4.78554 3.41407 5.11583 4.41366C5.16183 4.56124 5.1245 4.71399 4.97521 4.8694L3.44742 6.89277C3.39725 6.95923 3.36675 7.03844 3.35938 7.12139C3.35201 7.20433 3.36808 7.28768 3.40575 7.36194C4.65271 9.81289 6.16791 11.3281 8.6362 12.5928C8.78636 12.6714 8.9704 12.6549 9.1067 12.5521L11.1766 10.9839C11.2283 10.9323 11.2934 10.8962 11.3646 10.8797C11.4358 10.8631 11.5101 10.8667 11.5794 10.8902C12.5859 11.2226 13.641 11.3911 14.7156 11.3911C14.9335 11.3911 15.1106 11.5681 15.1106 11.786V14.7161Z\"><\/path>\r\n\t\t\t\t\t\t\t\t\t<\/svg>\r\n\t\t\t\t\t\t\t\t<\/div>\r\n\t\t\t\t\t\t\t\t<div class=\"content\">\r\n\t\t\t\t\t\t\t\t\t<a href=\"tel:900494803\">\r\n\t\t\t\t\t\t\t\t\t\t900494803\t\t\t\t\t\t\t\t\t<\/a>\r\n\t\t\t\t\t\t\t\t<\/div>\r\n\t\t\t\t\t\t\t<\/div>\r\n\t\t\t\t\t\t<\/div>\r\n\t\t\t\t\t<\/div>\r\n\t\t\t\t<\/div>\r\n\t\t\t<\/div>\r\n\t\t<\/div>\r\n\t<\/div>\r\n<\/div>\r\n<!-- End people1-card Section -->\r\n            <\/section>\r\n            <!-- FIN Section Cta V1 Bloque -->","protected":false},"excerpt":{"rendered":"","protected":false},"author":1,"featured_media":1666,"parent":0,"menu_order":0,"template":"","meta":{"_acf_changed":true,"inline_featured_image":false},"class_list":["post-1224","servicios","type-servicios","status-publish","has-post-thumbnail","hentry"],"acf":[],"yoast_head":"<!-- This site is optimized with the Yoast SEO plugin v25.4 - https:\/\/yoast.com\/wordpress\/plugins\/seo\/ -->\n<title>C\u00e2maras de seguran\u00e7a - Giit<\/title>\n<meta name=\"robots\" content=\"index, follow, max-snippet:-1, max-image-preview:large, max-video-preview:-1\" \/>\n<link rel=\"canonical\" href=\"https:\/\/giit.es\/pt-pt\/servi\u00e7os\/camaras-de-seguridad\/\" \/>\n<meta property=\"og:locale\" content=\"pt_PT\" \/>\n<meta property=\"og:type\" content=\"article\" \/>\n<meta property=\"og:title\" content=\"C\u00e2maras de seguran\u00e7a - Giit\" \/>\n<meta property=\"og:url\" content=\"https:\/\/giit.es\/pt-pt\/servi\u00e7os\/camaras-de-seguridad\/\" \/>\n<meta property=\"og:site_name\" content=\"Giit\" \/>\n<meta property=\"article:modified_time\" content=\"2025-04-03T07:36:07+00:00\" \/>\n<meta property=\"og:image\" content=\"https:\/\/giit.es\/wp-content\/uploads\/2025\/04\/PHOTO-2025-01-29-16-00-02-5.jpg\" \/>\n\t<meta property=\"og:image:width\" content=\"1600\" \/>\n\t<meta property=\"og:image:height\" content=\"900\" \/>\n\t<meta property=\"og:image:type\" content=\"image\/jpeg\" \/>\n<meta name=\"twitter:card\" content=\"summary_large_image\" \/>\n<script type=\"application\/ld+json\" class=\"yoast-schema-graph\">{\"@context\":\"https:\/\/schema.org\",\"@graph\":[{\"@type\":\"WebPage\",\"@id\":\"https:\/\/giit.es\/pt-pt\/servi\u00e7os\/camaras-de-seguridad\/\",\"url\":\"https:\/\/giit.es\/pt-pt\/servi\u00e7os\/camaras-de-seguridad\/\",\"name\":\"C\u00e2maras de seguran\u00e7a - Giit\",\"isPartOf\":{\"@id\":\"https:\/\/giit.es\/#website\"},\"primaryImageOfPage\":{\"@id\":\"https:\/\/giit.es\/pt-pt\/servi\u00e7os\/camaras-de-seguridad\/#primaryimage\"},\"image\":{\"@id\":\"https:\/\/giit.es\/pt-pt\/servi\u00e7os\/camaras-de-seguridad\/#primaryimage\"},\"thumbnailUrl\":\"https:\/\/giit.es\/wp-content\/uploads\/2025\/04\/PHOTO-2025-01-29-16-00-02-5.jpg\",\"datePublished\":\"2025-03-22T18:05:19+00:00\",\"dateModified\":\"2025-04-03T07:36:07+00:00\",\"breadcrumb\":{\"@id\":\"https:\/\/giit.es\/pt-pt\/servi\u00e7os\/camaras-de-seguridad\/#breadcrumb\"},\"inLanguage\":\"pt-PT\",\"potentialAction\":[{\"@type\":\"ReadAction\",\"target\":[\"https:\/\/giit.es\/pt-pt\/servi\u00e7os\/camaras-de-seguridad\/\"]}]},{\"@type\":\"ImageObject\",\"inLanguage\":\"pt-PT\",\"@id\":\"https:\/\/giit.es\/pt-pt\/servi\u00e7os\/camaras-de-seguridad\/#primaryimage\",\"url\":\"https:\/\/giit.es\/wp-content\/uploads\/2025\/04\/PHOTO-2025-01-29-16-00-02-5.jpg\",\"contentUrl\":\"https:\/\/giit.es\/wp-content\/uploads\/2025\/04\/PHOTO-2025-01-29-16-00-02-5.jpg\",\"width\":1600,\"height\":900},{\"@type\":\"BreadcrumbList\",\"@id\":\"https:\/\/giit.es\/pt-pt\/servi\u00e7os\/camaras-de-seguridad\/#breadcrumb\",\"itemListElement\":[{\"@type\":\"ListItem\",\"position\":1,\"name\":\"In\u00edcio\",\"item\":\"https:\/\/giit.es\/pt-pt\/\"},{\"@type\":\"ListItem\",\"position\":2,\"name\":\"C\u00e2maras de seguran\u00e7a\"}]},{\"@type\":\"WebSite\",\"@id\":\"https:\/\/giit.es\/#website\",\"url\":\"https:\/\/giit.es\/\",\"name\":\"Giit\",\"description\":\"Tu vigilancia y\\u2028seguridad profesional\\u2028homologada\",\"potentialAction\":[{\"@type\":\"SearchAction\",\"target\":{\"@type\":\"EntryPoint\",\"urlTemplate\":\"https:\/\/giit.es\/?s={search_term_string}\"},\"query-input\":{\"@type\":\"PropertyValueSpecification\",\"valueRequired\":true,\"valueName\":\"search_term_string\"}}],\"inLanguage\":\"pt-PT\"}]}<\/script>\n<!-- \/ Yoast SEO plugin. -->","yoast_head_json":{"title":"C\u00e2maras de seguran\u00e7a - Giit","robots":{"index":"index","follow":"follow","max-snippet":"max-snippet:-1","max-image-preview":"max-image-preview:large","max-video-preview":"max-video-preview:-1"},"canonical":"https:\/\/giit.es\/pt-pt\/servi\u00e7os\/camaras-de-seguridad\/","og_locale":"pt_PT","og_type":"article","og_title":"C\u00e2maras de seguran\u00e7a - Giit","og_url":"https:\/\/giit.es\/pt-pt\/servi\u00e7os\/camaras-de-seguridad\/","og_site_name":"Giit","article_modified_time":"2025-04-03T07:36:07+00:00","og_image":[{"width":1600,"height":900,"url":"https:\/\/giit.es\/wp-content\/uploads\/2025\/04\/PHOTO-2025-01-29-16-00-02-5.jpg","type":"image\/jpeg"}],"twitter_card":"summary_large_image","schema":{"@context":"https:\/\/schema.org","@graph":[{"@type":"WebPage","@id":"https:\/\/giit.es\/pt-pt\/servi\u00e7os\/camaras-de-seguridad\/","url":"https:\/\/giit.es\/pt-pt\/servi\u00e7os\/camaras-de-seguridad\/","name":"C\u00e2maras de seguran\u00e7a - Giit","isPartOf":{"@id":"https:\/\/giit.es\/#website"},"primaryImageOfPage":{"@id":"https:\/\/giit.es\/pt-pt\/servi\u00e7os\/camaras-de-seguridad\/#primaryimage"},"image":{"@id":"https:\/\/giit.es\/pt-pt\/servi\u00e7os\/camaras-de-seguridad\/#primaryimage"},"thumbnailUrl":"https:\/\/giit.es\/wp-content\/uploads\/2025\/04\/PHOTO-2025-01-29-16-00-02-5.jpg","datePublished":"2025-03-22T18:05:19+00:00","dateModified":"2025-04-03T07:36:07+00:00","breadcrumb":{"@id":"https:\/\/giit.es\/pt-pt\/servi\u00e7os\/camaras-de-seguridad\/#breadcrumb"},"inLanguage":"pt-PT","potentialAction":[{"@type":"ReadAction","target":["https:\/\/giit.es\/pt-pt\/servi\u00e7os\/camaras-de-seguridad\/"]}]},{"@type":"ImageObject","inLanguage":"pt-PT","@id":"https:\/\/giit.es\/pt-pt\/servi\u00e7os\/camaras-de-seguridad\/#primaryimage","url":"https:\/\/giit.es\/wp-content\/uploads\/2025\/04\/PHOTO-2025-01-29-16-00-02-5.jpg","contentUrl":"https:\/\/giit.es\/wp-content\/uploads\/2025\/04\/PHOTO-2025-01-29-16-00-02-5.jpg","width":1600,"height":900},{"@type":"BreadcrumbList","@id":"https:\/\/giit.es\/pt-pt\/servi\u00e7os\/camaras-de-seguridad\/#breadcrumb","itemListElement":[{"@type":"ListItem","position":1,"name":"In\u00edcio","item":"https:\/\/giit.es\/pt-pt\/"},{"@type":"ListItem","position":2,"name":"C\u00e2maras de seguran\u00e7a"}]},{"@type":"WebSite","@id":"https:\/\/giit.es\/#website","url":"https:\/\/giit.es\/","name":"Giit","description":"Tu vigilancia y\u2028seguridad profesional\u2028homologada","potentialAction":[{"@type":"SearchAction","target":{"@type":"EntryPoint","urlTemplate":"https:\/\/giit.es\/?s={search_term_string}"},"query-input":{"@type":"PropertyValueSpecification","valueRequired":true,"valueName":"search_term_string"}}],"inLanguage":"pt-PT"}]}},"_links":{"self":[{"href":"https:\/\/giit.es\/pt-pt\/wp-json\/wp\/v2\/servicios\/1224","targetHints":{"allow":["GET"]}}],"collection":[{"href":"https:\/\/giit.es\/pt-pt\/wp-json\/wp\/v2\/servicios"}],"about":[{"href":"https:\/\/giit.es\/pt-pt\/wp-json\/wp\/v2\/types\/servicios"}],"author":[{"embeddable":true,"href":"https:\/\/giit.es\/pt-pt\/wp-json\/wp\/v2\/users\/1"}],"wp:featuredmedia":[{"embeddable":true,"href":"https:\/\/giit.es\/pt-pt\/wp-json\/wp\/v2\/media\/1666"}],"wp:attachment":[{"href":"https:\/\/giit.es\/pt-pt\/wp-json\/wp\/v2\/media?parent=1224"}],"curies":[{"name":"wp","href":"https:\/\/api.w.org\/{rel}","templated":true}]}}