{"id":1198,"date":"2025-03-04T22:02:12","date_gmt":"2025-03-04T21:02:12","guid":{"rendered":"https:\/\/giit.es\/quienes-somos\/"},"modified":"2025-08-20T22:20:45","modified_gmt":"2025-08-20T20:20:45","slug":"quienes-somos","status":"publish","type":"page","link":"https:\/\/giit.es\/pt-pt\/quienes-somos\/","title":{"rendered":"Quem Somos"},"content":{"rendered":"<!-- Section Herogeneral Bloque -->\r\n            <section id=\"block-section-herogeneral\" class=\"section-herogeneral\">\r\n                \r\n<!-- Start Breadcrumb Section -->\r\n<div class=\"breadcrumb-section overflow-hidden\">\r\n\t<div class=\"overlay\"><\/div>\r\n\t<picture class=\"section-picturebg_GIT\">\r\n\t\t<img decoding=\"async\" width=\"1360\" height=\"1020\" src=\"https:\/\/giit.es\/wp-content\/uploads\/2025\/03\/banne-quienes-somos.jpg\" class=\"attachment-1198 size-1198 wp-post-image\" alt=\"\" full=\"\" srcset=\"https:\/\/giit.es\/wp-content\/uploads\/2025\/03\/banne-quienes-somos.jpg 1360w, https:\/\/giit.es\/wp-content\/uploads\/2025\/03\/banne-quienes-somos-300x225.jpg 300w, https:\/\/giit.es\/wp-content\/uploads\/2025\/03\/banne-quienes-somos-1024x768.jpg 1024w, https:\/\/giit.es\/wp-content\/uploads\/2025\/03\/banne-quienes-somos-768x576.jpg 768w\" sizes=\"(max-width: 1360px) 100vw, 1360px\" \/>\t<\/picture>\r\n\t<div class=\"container-fluid one pl--95\">\r\n\t\t<div class=\"row g-lg-4 gy-5\">\r\n\t\t\t<div class=\"col-lg-7\">\r\n\t\t\t\t<div class=\"banner-content\">\r\n\r\n\t\t\t\t\t<h1 class=\"mb-3\">\r\n\t\t\t\t\t\tQuem Somos\t\t\t\t\t<\/h1>\r\n\t\t\t\t\t<ul class=\"breadcrumb-list\">\r\n\t\t\t\t\t\t\r\n\r\n\t\t\t\t\t\t            <div class=\"SQ_migas_yoast \">\r\n                <p id=\"breadcrumbs\"><span><span><a href=\"https:\/\/giit.es\/pt-pt\/\">In\u00edcio<\/a><\/span><\/span><\/p>            <\/div>\r\n            \r\n\t\t\t\t\t<\/ul>\r\n\t\t\t\t<\/div>\r\n\t\t\t<\/div>\r\n\t\t\t                <div class=\"col-lg-5 d-flex align-items-end\">\r\n                    <div class=\"banner-right-content pl--95\">\r\n                        <h5 class=\"parrafo\" style=\"color: white;\">Um grupo profissional de seguran\u00e7a e vigil\u00e2ncia com sedes em Espanha e Marrocos<\/h5>\r\n                    <\/div>\r\n                <\/div>\r\n            \t\t<\/div>\r\n\t<\/div>\r\n<\/div>\r\n<!-- End Breadcrumb Section -->\r\n            <\/section>\r\n            <!-- FIN Section Herogeneral Bloque -->\n\n<!-- Section Logos Two Bloque -->\r\n            <section id=\"block-section-logos-two\" class=\"section-logos-two\">\r\n                \r\n\r\n<!-- Start Partner section -->\r\n<div class=\"logo-section mb-130\">\r\n\t<div class=\"container-fluid one\">\r\n\t\t<div class=\"row\">\r\n\t\t\t<div class=\"col-lg-12\">\r\n\t\t\t\t<div class=\"logo-wrapper\">\r\n\t\t\t\t\t<div class=\"logo-title\">\r\n\t\t\t\t\t\t<h6>\r\n\t\t\t\t\t\t\t<a href=\"https:\/\/giit.es\/nuestros-clientes\/\" target=\"_self\">\r\n\t\t\t\t\t\t\t\tNuestros Clientes\t\t\t\t\t\t\t\t<svg xmlns=\"http:\/\/www.w3.org\/2000\/svg\" width=\"12\" height=\"12\" viewBox=\"0 0 12 12\">\r\n\t\t\t\t\t\t\t\t\t<path fill-rule=\"evenodd\" clip-rule=\"evenodd\"\r\n\t\t\t\t\t\t\t\t\t\td=\"M10.1865 1.06237L0 11.2484L0.751627 12L10.9376 1.81347V8.85645H12V0H3.14355V1.06237H10.1865Z\">\r\n\t\t\t\t\t\t\t\t\t<\/path>\r\n\t\t\t\t\t\t\t\t<\/svg>\r\n\t\t\t\t\t\t\t<\/a>\r\n\t\t\t\t\t\t<\/h6>\r\n\t\t\t\t\t<\/div>\r\n\t\t\t\t\t<div class=\"logo-area\">\r\n\t\t\t\t\t\t<div class=\"marquee_text2\">\r\n\t\t\t\t\t\t\t\t\t\t\t\t\t\t\t<span class=\"d-inline-block\">\r\n\t\t\t\t\t\t\t\t\t<img decoding=\"async\" width=\"140\" height=\"50\" src=\"https:\/\/giit.es\/wp-content\/uploads\/2025\/03\/mercadona.png\" class=\"attachment-full size-full\" alt=\"\" \/>\t\t\t\t\t\t\t\t<\/span>\r\n\t\t\t\t\t\t\t\t\t\t\t\t\t\t\t<span class=\"d-inline-block\">\r\n\t\t\t\t\t\t\t\t\t<img decoding=\"async\" width=\"85\" height=\"106\" src=\"https:\/\/giit.es\/wp-content\/uploads\/2025\/03\/logotipo_bomberos-comunidad-madrid-02.png\" class=\"attachment-full size-full\" alt=\"\" \/>\t\t\t\t\t\t\t\t<\/span>\r\n\t\t\t\t\t\t\t\t\t\t\t\t\t\t\t<span class=\"d-inline-block\">\r\n\t\t\t\t\t\t\t\t\t<img decoding=\"async\" width=\"141\" height=\"50\" src=\"https:\/\/giit.es\/wp-content\/uploads\/2025\/03\/inditex.png\" class=\"attachment-full size-full\" alt=\"\" \/>\t\t\t\t\t\t\t\t<\/span>\r\n\t\t\t\t\t\t\t\t\t\t\t\t\t\t\t<span class=\"d-inline-block\">\r\n\t\t\t\t\t\t\t\t\t<img decoding=\"async\" width=\"141\" height=\"50\" src=\"https:\/\/giit.es\/wp-content\/uploads\/2025\/03\/porcelanosa.png\" class=\"attachment-full size-full\" alt=\"\" \/>\t\t\t\t\t\t\t\t<\/span>\r\n\t\t\t\t\t\t\t\t\t\t\t\t\t\t\t<span class=\"d-inline-block\">\r\n\t\t\t\t\t\t\t\t\t<img decoding=\"async\" width=\"141\" height=\"50\" src=\"https:\/\/giit.es\/wp-content\/uploads\/2025\/03\/prosegur.png\" class=\"attachment-full size-full\" alt=\"\" \/>\t\t\t\t\t\t\t\t<\/span>\r\n\t\t\t\t\t\t\t\t\t\t\t\t\t\t\t<span class=\"d-inline-block\">\r\n\t\t\t\t\t\t\t\t\t<img decoding=\"async\" width=\"85\" height=\"106\" src=\"https:\/\/giit.es\/wp-content\/uploads\/2025\/03\/logotipo_bomberos-comunidad-madrid-01.png\" class=\"attachment-full size-full\" alt=\"\" \/>\t\t\t\t\t\t\t\t<\/span>\r\n\t\t\t\t\t\t\t\t\t\t\t\t\t\t\t<span class=\"d-inline-block\">\r\n\t\t\t\t\t\t\t\t\t<img decoding=\"async\" width=\"159\" height=\"62\" src=\"https:\/\/giit.es\/wp-content\/uploads\/2025\/03\/image-1.png\" class=\"attachment-full size-full\" alt=\"\" \/>\t\t\t\t\t\t\t\t<\/span>\r\n\t\t\t\t\t\t\t\t\t\t\t\t\t<\/div>\r\n\t\t\t\t\t<\/div>\r\n\t\t\t\t<\/div>\r\n\t\t\t<\/div>\r\n\t\t<\/div>\r\n\t<\/div>\r\n<\/div>\r\n\r\n<script>\r\n\tjQuery(document).ready(function ($) {\r\n\r\n\t\t$(\".logo-area\").css(\"opacity\", \"1\");\r\n\r\n\t\t$('.marquee_text2').marquee({\r\n\t\t\tduration: 30000,\r\n\t\t\tgap: 50,\r\n\t\t\tdelayBeforeStart: 0,\r\n\t\t\tdirection: 'left',\r\n\t\t\tduplicated: true,\r\n\t\t\tstartVisible: true,\r\n\t\t\tpauseOnHover: true\r\n\t\t});\r\n\t});\r\n<\/script>\r\n<!-- End Partner section -->\r\n            <\/section>\r\n            <!-- FIN Section Logos Two Bloque -->\n\n<!-- Section Textofoto Degradado Bloque -->\r\n            <section id=\"block-section-textofoto-degradado\" class=\"section-textofoto-degradado\">\r\n                \r\n<!-- Start Testimonial section -->\r\n<div class=\"testimonial-section2 overflow-hidden\">\r\n\t<div class=\"container-fluid one\">\r\n\t\t<div class=\"row\" style=\"background: linear-gradient(270deg, #FFF 0%, #EFEFEF 100%);\">\r\n\t\t\t<div class=\"col-lg-12\">\r\n\t\t\t\t<div class=\"tastimonial-wrap2\">\r\n\t\t\t\t\t<div class=\"sriper testimonial-slider2- mb-30\">\r\n\t\t\t\t\t\t<div class=\"swiper-wrapper\">\r\n\t\t\t\t\t\t\t<div class=\"swiper-slide\">\r\n\t\t\t\t\t\t\t\t<div class=\"testimonial-card d-grid\">\r\n\t\t\t\t\t\t\t\t\t<div class=\"testimonial-img magnetic-item\">\r\n\t\t\t\t\t\t\t\t\t\t<img decoding=\"async\" width=\"2048\" height=\"1536\" src=\"https:\/\/giit.es\/wp-content\/uploads\/2025\/03\/texto-degradado.png\" class=\"attachment-full size-full\" alt=\"\" srcset=\"https:\/\/giit.es\/wp-content\/uploads\/2025\/03\/texto-degradado.png 2048w, https:\/\/giit.es\/wp-content\/uploads\/2025\/03\/texto-degradado-300x225.png 300w, https:\/\/giit.es\/wp-content\/uploads\/2025\/03\/texto-degradado-1024x768.png 1024w, https:\/\/giit.es\/wp-content\/uploads\/2025\/03\/texto-degradado-768x576.png 768w, https:\/\/giit.es\/wp-content\/uploads\/2025\/03\/texto-degradado-1536x1152.png 1536w\" sizes=\"(max-width: 2048px) 100vw, 2048px\" \/>\t\t\t\t\t\t\t\t\t<\/div>\r\n\r\n\t\t\t\t\t\t\t\t\t<div class=\"testimonal-content\">\r\n\t\t\t\t\t\t\t\t\t\t<p><strong>Grupo Integral de Inova\u00e7\u00e3o Tecnol\u00f3gica S.L.<\/strong> \u00e9 uma organiza\u00e7\u00e3o dedicada ao design, montagem e manuten\u00e7\u00e3o de: Prote\u00e7\u00e3o contra inc\u00eandios, Circuitos fechados de televis\u00e3o CCTV, Sistemas anti-intrus\u00e3o SES, Sistemas de tele gest\u00e3o, e Sistemas para a efici\u00eancia energ\u00e9tica.<\/p>\n\t\t\t\t\t\t\t\t\t\t<div class=\"author-area\">\r\n\t\t\t\t\t\t\t\t\t\t\t<div class=\"content\">\r\n\t\t\t\t\t\t\t\t\t\t\t\t<h6 class=\"fw-normal\">Constitu\u00edda a 24 de Fevereiro de 2011 (Granada)<\/h6>\r\n\t\t\t\t\t\t\t\t\t\t\t<\/div>\r\n\t\t\t\t\t\t\t\t\t\t<\/div>\r\n\t\t\t\t\t\t\t\t\t<\/div>\r\n\t\t\t\t\t\t\t\t<\/div>\r\n\t\t\t\t\t\t\t<\/div>\r\n\t\t\t\t\t\t\t\r\n\t\t\t\t\t\t<\/div>\r\n\t\t\t\t\t<\/div>\r\n\t\t\t\t<\/div>\r\n\t\t\t<\/div>\r\n\t\t<\/div>\r\n\t<\/div>\r\n<\/div>\r\n<!-- End Testimonial section -->\r\n            <\/section>\r\n            <!-- FIN Section Textofoto Degradado Bloque -->\n\n<!-- Section Texto Bloque -->\r\n            <section id=\"block-section-texto\" class=\"section-texto\">\r\n                \r\n<div class=\"container-fluid one section-contenedor-tectos_GIT\" >\r\n        <div id=\"\" class=\"Section-txt_GIT\">\r\n        <h3>Hist\u00f3ria da empresa<\/h3>\n<p>Constitu\u00edda a 24 de fevereiro de 2011 e inscrita no Registo Comercial de Granada n\u00ba4 Tomo 1418, Livro 0, Folha 9, Folha GR-39453 Inscri\u00e7\u00e3o 1. Homologada pelo Minist\u00e9rio do Interior em julho de 2012 e inscrita no Registo de Empresas de Seguran\u00e7a com o n\u00famero 3870, estando autorizada para a \u201cInstala\u00e7\u00e3o e manuten\u00e7\u00e3o de aparelhos, dispositivos e sistemas de seguran\u00e7a conectados a centrais receptoras de alarme\u201d.<\/p>\n<p>Homologada tamb\u00e9m pela Dire\u00e7\u00e3o Geral de Ind\u00fastria, Energia e Minas e inscrita no Registo de Empresas de Instaladora de Prote\u00e7\u00e3o Contra Inc\u00eandios e empresa Mantenedora de Prote\u00e7\u00e3o Contra Inc\u00eandios para \u201cProjetos, Estudos, Instala\u00e7\u00e3o e Manuten\u00e7\u00e3o de equipamentos e Sistemas de Prote\u00e7\u00e3o Contra Inc\u00eandios\u201d.<\/p>\n    <\/div>\r\n    <\/div>\r\n            <\/section>\r\n            <!-- FIN Section Texto Bloque -->\n\n<!-- Section Fotoylistados Bloque -->\r\n            <section id=\"block-section-fotoylistados\" class=\"section-fotoylistados\">\r\n                <!-- Start Service Details Section -->\r\n<div class=\"service-details-wrapper pt-130\" >\r\n\t<div class=\"container-fluid one\">\r\n\t\t<div class=\"service-details-solution-area\">\r\n\t\t\t<div class=\"row g-md-4 gy-5 section-rowfl_GIT \">\r\n\t\t\t\t<div class=\"col-lg-4 col-md-4 section-colleft_GIT\">\r\n\t\t\t\t\t<div class=\"solution-img\">\r\n\t\t\t\t\t\t<img decoding=\"async\" width=\"477\" height=\"352\" src=\"https:\/\/giit.es\/wp-content\/uploads\/2025\/02\/service-details-solution-img.jpg.jpg\" class=\"attachment-full size-full\" alt=\"\" srcset=\"https:\/\/giit.es\/wp-content\/uploads\/2025\/02\/service-details-solution-img.jpg.jpg 477w, https:\/\/giit.es\/wp-content\/uploads\/2025\/02\/service-details-solution-img.jpg-300x221.jpg 300w\" sizes=\"(max-width: 477px) 100vw, 477px\" \/>\t\t\t\t\t<\/div>\r\n\t\t\t\t<\/div>\r\n\t\t\t\t<div class=\"col-lg-8 col-md-8 section-colright_GIT\">\r\n\t\t\t\t\t<div class=\"solution-content\">\r\n\t\t\t\t\t\t<div class=\"details-section-title mb-30\">\r\n\t\t\t\t\t\t\t<svg xmlns=\"http:\/\/www.w3.org\/2000\/svg\" width=\"11\" height=\"15\" viewBox=\"0 0 11 15\" fill=\"none\">\r\n\t\t\t\t\t\t\t\t<path d=\"M0.333374 14.5V0.5L10.3334 7.5L0.333374 14.5Z\" fill=\"#EB5E1B\"\/>\r\n\t\t\t\t\t\t\t<\/svg>\r\n\t\t\t\t\t\t\t<h2>Miss\u00e3o, vis\u00e3o e valores corporativos<\/h2>\r\n\t\t\t\t\t\t<\/div>\r\n\t\t\t\t\t\t\r\n\t\t\t\t\t\t\t\t\t<div class=\"section-listados_GIT\">\r\n\t\t\t\t\t\t\t\t\t\t\t\t\t\t\t\t\t\t\t\t\t\t<h3>I. Procuramos a Satisfa\u00e7\u00e3o Total do cliente:<\/h3>\r\n\t\t\t\t\t\t\t\t\t\t\t\t\t\t\t\t\t\t\t\t\t\t\r\n\t\t\t\t\t\t\t\t\t\t<ul>n<\/p>\n<li>A confian\u00e7a e fidelidade dos nossos clientes distinguem-nos em rela\u00e7\u00e3o \u00e0 concorr\u00eancia.<\/li>\n<p>n<\/p>\n<li>Somos profissionais e eficazes, adaptamo-nos ao cliente e aconselhamo-lo nas suas necessidades.<\/li>\n<p>n<\/p>\n<li>Dotamos o nosso pessoal dos meios t\u00e9cnicos, infraestrutura e forma\u00e7\u00e3o necess\u00e1rios para que as atividades da empresa sejam realizadas com plena satisfa\u00e7\u00e3o dos nossos clientes.<\/li>\n<p>n<\/ul>\n\t\t\t\t\t\t\t\t\t<\/div>\r\n\r\n\t\t\t\t\t\t\t\t\t\r\n\t\t\t\t\t\t\t\t\t<div class=\"section-listados_GIT\">\r\n\t\t\t\t\t\t\t\t\t\t\t\t\t\t\t\t\t\t\t\t\t\t<h3>II. Queremos um Meio Ambiente melhor para todos, por isso:<\/h3>\r\n\t\t\t\t\t\t\t\t\t\t\t\t\t\t\t\t\t\t\t\t\t\t\r\n\t\t\t\t\t\t\t\t\t\t<ul>n<\/p>\n<li>Informaremos sobre os impactos ambientais que consideramos significativos a quem assim o solicitar.<\/li>\n<p>n<\/p>\n<li>Cumprimos as leis e outros requisitos ambientais.<\/li>\n<p>n<\/p>\n<li>Comprometemo-nos a prevenir a polui\u00e7\u00e3o e a promover a reciclagem, o eco-design e as melhores t\u00e9cnicas dispon\u00edveis ao nosso alcance.<\/li>\n<p>n<\/p>\n<li>Assessoria e forma\u00e7\u00e3o ao nosso pessoal e clientes na melhoria do Meio Ambiente.<\/li>\n<p>n<\/ul>\n\t\t\t\t\t\t\t\t\t<\/div>\r\n\r\n\t\t\t\t\t\t\t\t\t\r\n\t\t\t\t\t\t\t\t\t<div class=\"section-listados_GIT\">\r\n\t\t\t\t\t\t\t\t\t\t\t\t\t\t\t\t\t\t\t\t\t\t<h3>III. Os nossos trabalhadores s\u00e3o o valor mais importante da empresa, por isso:<\/h3>\r\n\t\t\t\t\t\t\t\t\t\t\t\t\t\t\t\t\t\t\t\t\t\t\r\n\t\t\t\t\t\t\t\t\t\t<ul>n<\/p>\n<li>Temos como prioridade a prote\u00e7\u00e3o da seguran\u00e7a e sa\u00fade dos nossos trabalhadores e daqueles que atuam em nosso nome, prevenindo danos e monitorando sua sa\u00fade.<\/li>\n<p>n<\/p>\n<li>Comprometemo-nos a eliminar os perigos e reduzir os riscos para a SST, e a consultar e promover a participa\u00e7\u00e3o dos trabalhadores.<\/li>\n<p>n<\/p>\n<li>Cumprimos os requisitos legais aplic\u00e1veis e os internos da empresa em Preven\u00e7\u00e3o de Riscos Laborais.<\/li>\n<p>n<\/p>\n<li>Estabelecemos um Sistema de Gest\u00e3o para a Seguran\u00e7a e Sa\u00fade no Trabalho integrado em todas as atividades da empresa.<\/li>\n<p>n<\/ul>\n\t\t\t\t\t\t\t\t\t<\/div>\r\n\r\n\t\t\t\t\t\t\t\t\t\r\n\t\t\t\t\t\t\t\t\t<div class=\"section-listados_GIT\">\r\n\t\t\t\t\t\t\t\t\t\t\t\t\t\t\t\t\t\t\t\t\t\t<h3>IV. Queremos uma pol\u00edtica energ\u00e9tica adequada:<\/h3>\r\n\t\t\t\t\t\t\t\t\t\t\t\t\t\t\t\t\t\t\t\t\t\t\r\n\t\t\t\t\t\t\t\t\t\t<ul>n<\/p>\n<li>Informaremos e disponibilizaremos toda a informa\u00e7\u00e3o sobre os recursos necess\u00e1rios para alcan\u00e7ar os objetivos e as metas energ\u00e9ticas.<\/li>\n<p>n<\/p>\n<li>Cumprimos com os requisitos legais aplic\u00e1veis e internos da empresa em rela\u00e7\u00e3o \u00e0 efici\u00eancia energ\u00e9tica, e ao uso e consumo de energia.<\/li>\n<p>n<\/p>\n<li>Fomentamos o uso eficiente da energia e o design para melhorar o desempenho energ\u00e9tico em toda a extens\u00e3o da nossa organiza\u00e7\u00e3o.<\/li>\n<p>n<\/p>\n<li>Foi criado um Sistema de Gest\u00e3o de Energia no qual se assegura a melhoria cont\u00ednua.<\/li>\n<p>n<\/ul>\n\t\t\t\t\t\t\t\t\t<\/div>\r\n\r\n\t\t\t\t\t\t\t\t\t\t\t\t\t\t\t\t\t\t\t\t<\/div>\r\n\t\t\t\t<\/div>\r\n\t\t\t<\/div>\r\n\t\t<\/div>\r\n\t<\/div>\r\n<\/div>\r\n<!-- End Service Details Section -->\r\n            <\/section>\r\n            <!-- FIN Section Fotoylistados Bloque -->\n\n<!-- Section Team Bloque -->\r\n            <section id=\"block-section-team\" class=\"section-team\">\r\n                \r\n<div class=\"container\">\r\n    <div class=\"row\">\r\n        <div class=\"col-12\">\r\n            <div class=\"choose-content\">\r\n                <div class=\"section-title1 two mb-50\">\r\n                    <span>EQUIPO<\/span>\r\n                    <h2>Os nossos trabalhadores s\u00e3o o valor mais importante da empresa<\/h2>\r\n                <\/div>\r\n            <\/div>\r\n        <\/div>\r\n    <\/div>\r\n<\/div>\r\n<div class=\"container-fluid one\">\r\n    <div class=\"section-ImgTem_GIT\">\r\n        <img decoding=\"async\" width=\"1564\" height=\"654\" src=\"https:\/\/giit.es\/wp-content\/uploads\/2025\/02\/people-01.png.jpg\" class=\"attachment-full size-full\" alt=\"\" srcset=\"https:\/\/giit.es\/wp-content\/uploads\/2025\/02\/people-01.png.jpg 1564w, https:\/\/giit.es\/wp-content\/uploads\/2025\/02\/people-01.png-300x125.jpg 300w, https:\/\/giit.es\/wp-content\/uploads\/2025\/02\/people-01.png-1024x428.jpg 1024w, https:\/\/giit.es\/wp-content\/uploads\/2025\/02\/people-01.png-768x321.jpg 768w, https:\/\/giit.es\/wp-content\/uploads\/2025\/02\/people-01.png-1536x642.jpg 1536w\" sizes=\"(max-width: 1564px) 100vw, 1564px\" \/>    <\/div>\r\n<\/div>\r\n            <\/section>\r\n            <!-- FIN Section Team Bloque -->\n\n<!-- Section Texto Bloque -->\r\n            <section id=\"block-section-texto\" class=\"section-texto\">\r\n                \r\n<div class=\"container-fluid one section-contenedor-tectos_GIT\" id=\"section-texto-boton\">\r\n        <div id=\"trabalhe-connosco\" class=\"Section-txt_GIT\">\r\n        <h3>Trabalha connosco<\/h3>\n<p>nSe est\u00e1s interessado em fazer parte da nossa equipa, envia-nos o teu CV e conta-nos porque gostarias de trabalhar connosco. Estamos \u00e0 procura de talento como o teu. Queremos conhecer-te!<\/p>\n    <\/div>\r\n                <div class=\"seciont-link_GIT\">\r\n                                        <a class=\"primary-btn1 btn-hover\" href=\"https:\/\/giit.es\/trabaja-con-nosotros\/\">\r\n                            \u00danete a nuestro equipo\t\t\t\t\t\t\r\n                            <svg xmlns=\"http:\/\/www.w3.org\/2000\/svg\" width=\"12\" height=\"12\" viewBox=\"0 0 12 12\">\r\n                                <path fill-rule=\"evenodd\" clip-rule=\"evenodd\" d=\"M10.1865 1.06237L0 11.2484L0.751627 12L10.9376 1.81347V8.85645H12V0H3.14355V1.06237H10.1865Z\"><\/path>\r\n                            <\/svg>\r\n                            <span style=\"top: 532.5px; left: -163.219px;\"><\/span>\r\n                        <\/a>\r\n                            <\/div>\r\n            <\/div>\r\n            <\/section>\r\n            <!-- FIN Section Texto Bloque -->\n\n<!-- Section Fotoylistados Bloque -->\r\n            <section id=\"block-section-fotoylistados\" class=\"section-fotoylistados\">\r\n                <!-- Start Service Details Section -->\r\n<div class=\"service-details-wrapper pt-130\" id=\"section-certificados\">\r\n\t<div class=\"container-fluid one\">\r\n\t\t<div class=\"service-details-solution-area\">\r\n\t\t\t<div class=\"row g-md-4 gy-5 section-rowfl_GIT section-invertircol_GIT\">\r\n\t\t\t\t<div class=\"col-lg-4 col-md-4 section-colleft_GIT\">\r\n\t\t\t\t\t<div class=\"solution-img\">\r\n\t\t\t\t\t\t<img decoding=\"async\" width=\"477\" height=\"397\" src=\"https:\/\/giit.es\/wp-content\/uploads\/2025\/03\/service-details-advantage-img.jpg.jpg\" class=\"attachment-full size-full\" alt=\"\" srcset=\"https:\/\/giit.es\/wp-content\/uploads\/2025\/03\/service-details-advantage-img.jpg.jpg 477w, https:\/\/giit.es\/wp-content\/uploads\/2025\/03\/service-details-advantage-img.jpg-300x250.jpg 300w\" sizes=\"(max-width: 477px) 100vw, 477px\" \/>\t\t\t\t\t<\/div>\r\n\t\t\t\t<\/div>\r\n\t\t\t\t<div class=\"col-lg-8 col-md-8 section-colright_GIT\">\r\n\t\t\t\t\t<div class=\"solution-content\">\r\n\t\t\t\t\t\t<div class=\"details-section-title mb-30\">\r\n\t\t\t\t\t\t\t<svg xmlns=\"http:\/\/www.w3.org\/2000\/svg\" width=\"11\" height=\"15\" viewBox=\"0 0 11 15\" fill=\"none\">\r\n\t\t\t\t\t\t\t\t<path d=\"M0.333374 14.5V0.5L10.3334 7.5L0.333374 14.5Z\" fill=\"#EB5E1B\"\/>\r\n\t\t\t\t\t\t\t<\/svg>\r\n\t\t\t\t\t\t\t<h2>Certifica\u00e7\u00f5es e reconhecimentos obtidos<\/h2>\r\n\t\t\t\t\t\t<\/div>\r\n\t\t\t\t\t\t\r\n\t\t\t\t\t\t\t\t\t<div class=\"section-listados_GIT\">\r\n\t\t\t\t\t\t\t\t\t\t\t\t\t\t\t\t\t\t\t\t\r\n\t\t\t\t\t\t\t\t\t\t<p>Homologada pelo Minist\u00e9rio do Interior em Julho de 2012 e inscrita no Registro de Empresas de Seguran\u00e7a com o n\u00famero 3870.<\/p>\n<p>Homologada pela Dire\u00e7\u00e3o Geral de Ind\u00fastria, Energia e Minas e inscrita no Registro de Empresas de Instaladora de Prote\u00e7\u00e3o Contra Inc\u00eandios e empresa Mantenedora de Prote\u00e7\u00e3o Contra Inc\u00eandios.<\/p>\n<p>GIIT tem implantado um Sistema Integrado de Gest\u00e3o segundo os requisitos das normas ISO:<\/p>\n\t\t\t\t\t\t\t\t\t<\/div>\r\n\r\n\t\t\t\t\t\t\t\t\t\t\t\t\t\t\t\t\t\t\t\t\t\t\t<div class=\"section-logos_GIT\"> \t\t\t\t\t\t\t\t\t\t\t<div class=\"section-itemlogo_GIT\">\r\n\t\t\t\t\t\t\t\t\t\t\t\t\t\t\t\t\t\t\t\t\t\t\t\t\t<img decoding=\"async\" width=\"136\" height=\"181\" src=\"https:\/\/giit.es\/wp-content\/uploads\/2025\/03\/2022_C-1.png\" class=\"attachment-full size-full\" alt=\"\" \/>\t\t\t\t\t\t\t\t\t\t\t\t\t\t\t\t\t\t\t\t\t\t\t<\/div>\r\n\t\t\t\t\t\t\t\t\t\t\t\t\t\t\t\t\t\t\t\t\t<div class=\"section-itemlogo_GIT\">\r\n\t\t\t\t\t\t\t\t\t\t\t\t\t\t\t\t\t\t\t\t\t\t\t\t\t<img decoding=\"async\" width=\"164\" height=\"181\" src=\"https:\/\/giit.es\/wp-content\/uploads\/2025\/03\/aerme-vectorizado-jpg.png\" class=\"attachment-full size-full\" alt=\"\" \/>\t\t\t\t\t\t\t\t\t\t\t\t\t\t\t\t\t\t\t\t\t\t\t<\/div>\r\n\t\t\t\t\t\t\t\t\t\t\t\t\t\t\t\t\t\t\t\t\t<div class=\"section-itemlogo_GIT\">\r\n\t\t\t\t\t\t\t\t\t\t\t\t\t\t\t\t\t\t\t\t\t\t\t\t\t<a href=\"https:\/\/giit.es\/wp-content\/uploads\/2025\/08\/ISO-50001.pdf\" target=\"_blank\">\r\n\t\t\t\t\t\t\t\t\t\t\t\t\t\t<img decoding=\"async\" width=\"270\" height=\"105\" src=\"https:\/\/giit.es\/wp-content\/uploads\/2025\/03\/ISO-50001-RGB.png\" class=\"attachment-full size-full\" alt=\"\" \/>\t\t\t\t\t\t\t\t\t\t\t\t\t<\/a>\r\n\t\t\t\t\t\t\t\t\t\t\t\t\t\t\t\t\t\t\t\t\t\t\t<\/div>\r\n\t\t\t\t\t\t\t\t\t\t\t\t\t\t\t\t\t\t\t\t\t<div class=\"section-itemlogo_GIT\">\r\n\t\t\t\t\t\t\t\t\t\t\t\t\t\t\t\t\t\t\t\t\t\t\t\t\t<a href=\"https:\/\/giit.es\/wp-content\/uploads\/2025\/08\/ISO-9001.pdf\" target=\"_blank\">\r\n\t\t\t\t\t\t\t\t\t\t\t\t\t\t<img decoding=\"async\" width=\"270\" height=\"105\" src=\"https:\/\/giit.es\/wp-content\/uploads\/2025\/03\/ISO-9001-ISO-14001-ISO-45001-RGB.png\" class=\"attachment-full size-full\" alt=\"\" \/>\t\t\t\t\t\t\t\t\t\t\t\t\t<\/a>\r\n\t\t\t\t\t\t\t\t\t\t\t\t\t\t\t\t\t\t\t\t\t\t\t<\/div>\r\n\t\t\t\t\t\t\t\t\t\t\t\t\t\t\t\t\t\t\t\t\t<div class=\"section-itemlogo_GIT\">\r\n\t\t\t\t\t\t\t\t\t\t\t\t\t\t\t\t\t\t\t\t\t\t\t\t\t<a href=\"https:\/\/giit.es\/wp-content\/uploads\/2025\/08\/ISO-14001.pdf\" target=\"_blank\">\r\n\t\t\t\t\t\t\t\t\t\t\t\t\t\t<img decoding=\"async\" width=\"270\" height=\"105\" src=\"https:\/\/giit.es\/wp-content\/uploads\/2025\/03\/ISO-9001-ISO-14001-ISO-45001-RGB.png\" class=\"attachment-full size-full\" alt=\"\" \/>\t\t\t\t\t\t\t\t\t\t\t\t\t<\/a>\r\n\t\t\t\t\t\t\t\t\t\t\t\t\t\t\t\t\t\t\t\t\t\t\t<\/div>\r\n\t\t\t\t\t\t\t\t\t\t\t\t\t\t\t\t\t\t\t\t\t<div class=\"section-itemlogo_GIT\">\r\n\t\t\t\t\t\t\t\t\t\t\t\t\t\t\t\t\t\t\t\t\t\t\t\t\t<a href=\"https:\/\/giit.es\/wp-content\/uploads\/2025\/08\/ISO-45001.pdf\" target=\"_blank\">\r\n\t\t\t\t\t\t\t\t\t\t\t\t\t\t<img decoding=\"async\" width=\"270\" height=\"105\" src=\"https:\/\/giit.es\/wp-content\/uploads\/2025\/03\/ISO-9001-ISO-14001-ISO-45001-RGB.png\" class=\"attachment-full size-full\" alt=\"\" \/>\t\t\t\t\t\t\t\t\t\t\t\t\t<\/a>\r\n\t\t\t\t\t\t\t\t\t\t\t\t\t\t\t\t\t\t\t\t\t\t\t<\/div>\r\n\t\t\t\t\t\t\t\t\t\t\t\r\n\t\t\t\t\t\t\t\t<\/div> \t\t\t\t\t<\/div>\r\n\t\t\t\t<\/div>\r\n\t\t\t<\/div>\r\n\t\t<\/div>\r\n\t<\/div>\r\n<\/div>\r\n<!-- End Service Details Section -->\r\n            <\/section>\r\n            <!-- FIN Section Fotoylistados Bloque -->\n\n<!-- Section Medioambiente Bloque -->\r\n            <section id=\"block-section-medioambiente\" class=\"section-medioambiente\">\r\n                \r\n<!-- Start Feature card section -->\r\n<div class=\"feature-card-section mb-130\">\r\n\t<div class=\"container-fluid one\">\r\n\t\t<div class=\"row g-4\">\r\n\t\t\t<div class=\"col-lg-3 d-flex justify-content-lg-center\">\r\n\t\t\t\t<div class=\"sub-title\">\r\n\t\t\t\t\t<span class=\"subtitle\">Medioambiente<\/span>\r\n\t\t\t\t<\/div>\r\n\t\t\t<\/div>\r\n\t\t\t<div class=\"col-lg-9\">\r\n\t\t\t\t<div class=\"row\">\r\n\t\t\t\t\t<div\r\n\t\t\t\t\t\tclass=\"col-lg-12 gap-lg-5 gap-4 d-flex flex-lg-nowrap flex-wrap align-items-start justify-content-between mb-60\">\r\n\t\t\t\t\t\t<div class=\"section-title1 one\">\r\n\t\t\t\t\t\t\t<h2>GIIT, consciente da import\u00e2ncia que tem a Qualidade, o Respeito ao Meio Ambiente, a Seguran\u00e7a e Sa\u00fade dos Trabalhadores e a Efici\u00eancia Energ\u00e9tica, tem implantado um Sistema Integrado de Gest\u00e3o segundo os requisitos das normas ISO 9001, ISO 14001, ISO 45001 e ISO 50001, que se fundamentar\u00e1 em:<\/h2>\r\n\t\t\t\t\t\t<\/div>\r\n\t\t\t\t\t<\/div>\r\n\t\t\t\t\t<div class=\"col-lg-12\">\r\n\t\t\t\t\t\t<div class=\"row g-4\">\r\n\t\t\t\t\t\t\t\t\t\t\t\t\t\t\t<div class=\"col-xxl-3 col-sm-6\">\r\n\t\t\t\t\t\t\t\t\t<div class=\"eg-card-2\">\r\n\t\t\t\t\t\t\t\t\t\t<div class=\"content\">\r\n\t\t\t\t\t\t\t\t\t\t\t<h5>Cumprimento, leis, ambientais.<\/h5>\r\n\t\t\t\t\t\t\t\t\t\t\t<p>Cumprimento das leis e outros requisitos ambientais.<\/p>\r\n\t\t\t\t\t\t\t\t\t\t<\/div>\r\n\t\t\t\t\t\t\t\t\t<\/div>\r\n\t\t\t\t\t\t\t\t<\/div>\r\n\t\t\t\t\t\t\t\t\t\t\t\t\t\t\t<div class=\"col-xxl-3 col-sm-6\">\r\n\t\t\t\t\t\t\t\t\t<div class=\"eg-card-2\">\r\n\t\t\t\t\t\t\t\t\t\t<div class=\"content\">\r\n\t\t\t\t\t\t\t\t\t\t\t<h5>Preven\u00e7\u00e3o, reciclagem, eco-design.<\/h5>\r\n\t\t\t\t\t\t\t\t\t\t\t<p>Preven\u00e7\u00e3o da contamina\u00e7\u00e3o e promo\u00e7\u00e3o da reciclagem, do eco-design e das melhores t\u00e9cnicas dispon\u00edveis.<\/p>\r\n\t\t\t\t\t\t\t\t\t\t<\/div>\r\n\t\t\t\t\t\t\t\t\t<\/div>\r\n\t\t\t\t\t\t\t\t<\/div>\r\n\t\t\t\t\t\t\t\t\t\t\t\t\t\t\t<div class=\"col-xxl-3 col-sm-6\">\r\n\t\t\t\t\t\t\t\t\t<div class=\"eg-card-2\">\r\n\t\t\t\t\t\t\t\t\t\t<div class=\"content\">\r\n\t\t\t\t\t\t\t\t\t\t\t<h5>Gest\u00e3o, seguran\u00e7a, energia.<\/h5>\r\n\t\t\t\t\t\t\t\t\t\t\t<p>Implementa\u00e7\u00e3o de um Sistema de Gest\u00e3o para a Seguran\u00e7a e Sa\u00fade no Trabalho e um Sistema de Gest\u00e3o da Energia.<\/p>\r\n\t\t\t\t\t\t\t\t\t\t<\/div>\r\n\t\t\t\t\t\t\t\t\t<\/div>\r\n\t\t\t\t\t\t\t\t<\/div>\r\n\t\t\t\t\t\t\t\t\t\t\t\t\t\t\t<div class=\"col-xxl-3 col-sm-6\">\r\n\t\t\t\t\t\t\t\t\t<div class=\"eg-card-2\">\r\n\t\t\t\t\t\t\t\t\t\t<div class=\"content\">\r\n\t\t\t\t\t\t\t\t\t\t\t<h5>Melhoria cont\u00ednua, sistemas integrados, gest\u00e3o.<\/h5>\r\n\t\t\t\t\t\t\t\t\t\t\t<p>Melhoria cont\u00ednua dos sistemas integrados de gest\u00e3o.<\/p>\r\n\t\t\t\t\t\t\t\t\t\t<\/div>\r\n\t\t\t\t\t\t\t\t\t<\/div>\r\n\t\t\t\t\t\t\t\t<\/div>\r\n\t\t\t\t\t\t\t\r\n\t\t\t\t\t\t<\/div>\r\n\t\t\t\t\t<\/div>\r\n\t\t\t\t<\/div>\r\n\t\t\t<\/div>\r\n\t\t<\/div>\r\n\t<\/div>\r\n<\/div>\r\n<!-- End Feature card section -->\r\n            <\/section>\r\n            <!-- FIN Section Medioambiente Bloque -->\n\n<!-- Section Sobrenosotros Bloque -->\r\n            <section id=\"block-section-sobrenosotros\" class=\"section-sobrenosotros\">\r\n                \r\n<!-- Start Solution section -->\r\n<div class=\"about-section2 mb-130\">\r\n\t<div class=\"about-top dark\">\r\n\t\t<div class=\"container-fluid one pl--95\">\r\n\t\t\t<div class=\"row\">\r\n\t\t\t\t<div class=\"col-xxl-8 col-lg-7\">\r\n\t\t\t\t\t<div class=\"about-content pr--95\">\r\n\t\t\t\t\t\t<div class=\"section-title1 two white mb-50\">\r\n\t\t\t\t\t\t\t<span class=\"text-uppercase bg-white text-black fw-medium\">Comece hoje<\/span>\r\n\t\t\t\t\t\t\t<h2>Proteja a sua empresa com solu\u00e7\u00f5es integrais de seguran\u00e7a e efici\u00eancia energ\u00e9tica. Vamos conversar agora!<\/h2>\r\n\t\t\t\t\t\t<\/div>\r\n\r\n\t\t\t\t\t\r\n\t\t\t\t\t\t<a class=\"primary-btn1 btn-transparent btn-hover\" href=\"https:\/\/giit.es\/contacto\/\" target=\"\">\r\n\t\t\t\t\t\t\tContacta\t\t\t\t\t\t\t<svg xmlns=\"http:\/\/www.w3.org\/2000\/svg\" width=\"12\" height=\"12\" viewBox=\"0 0 12 12\">\r\n\t\t\t\t\t\t\t\t<path fill-rule=\"evenodd\" clip-rule=\"evenodd\"\r\n\t\t\t\t\t\t\t\t\td=\"M10.1865 1.06237L0 11.2484L0.751627 12L10.9376 1.81347V8.85645H12V0H3.14355V1.06237H10.1865Z\">\r\n\t\t\t\t\t\t\t\t<\/path>\r\n\t\t\t\t\t\t\t<\/svg>\r\n\t\t\t\t\t\t\t<span style=\"top: 30px; left: 173px;\"><\/span>\r\n\t\t\t\t\t\t<\/a>\r\n\r\n\t\t\t\t\t\t<div class=\"review-and-feature justify-content-lg-end\">\r\n\r\n\t\t\t\t\t\t\t<ul class=\"features\">\r\n\t\t\t\t\t\t\t\t\t\t\t\t\t\t\t\t\t<li>Profesionales<\/li>\r\n\t\t\t\t\t\t\t\t\t\t\t\t\t\t\t\t\t<li>Comprometidos<\/li>\r\n\t\t\t\t\t\t\t\t\t\t\t\t\t\t\t\t\t<li>Eficaces<\/li>\r\n\t\t\t\t\t\t\t\t\t\t\t\t\t\t\t<\/ul>\r\n\t\t\t\t\t\t<\/div>\r\n\t\t\t\t\t<\/div>\r\n\t\t\t\t<\/div>\r\n\t\t\t\t<div class=\"col-xxl-4 col-lg-5\">\r\n\t\t\t\t\t<div class=\"about-img \">\r\n\t\t\t\t\t\t<img decoding=\"async\" width=\"592\" height=\"672\" src=\"https:\/\/giit.es\/wp-content\/uploads\/2025\/03\/about-img.jpg.jpg\" class=\"attachment-full size-full\" alt=\"\" srcset=\"https:\/\/giit.es\/wp-content\/uploads\/2025\/03\/about-img.jpg.jpg 592w, https:\/\/giit.es\/wp-content\/uploads\/2025\/03\/about-img.jpg-264x300.jpg 264w\" sizes=\"(max-width: 592px) 100vw, 592px\" \/>\t\t\t\t\t<\/div>\r\n\t\t\t\t<\/div>\r\n\t\t\t<\/div>\r\n\t\t<\/div>\r\n\t<\/div>\r\n\t<div class=\"about-bottom\">\r\n\t\t<div class=\"container-fluid one pl--95\">\r\n\t\t\t<div class=\"row\">\r\n\t\t\t\t<div class=\"col-xxl-8 col-lg-7\">\r\n\t\t\t\t\t<div class=\"about-counter-area pr--95\">\r\n\t\t\t\t\t\t<ul class=\"counter-wrap align-items-baseline\">\r\n\t\t\t\t\t\t\t\t\t\t\t\t\t\t\t<li class=\"single-counter\">\r\n\t\t\t\t\t\t\t\t\t<div class=\"icon\">\r\n\t\t\t\t\t\t\t\t\t\t<img decoding=\"async\" width=\"60\" height=\"60\" src=\"https:\/\/giit.es\/wp-content\/uploads\/2025\/03\/homologado_iconos_servicios_giit-09.png\" class=\"attachment-full size-full\" alt=\"\" \/>\t\t\t\t\t\t\t\t\t<\/div>\r\n\t\t\t\t\t\t\t\t\t<div class=\"\">\r\n\t\t\t\t\t\t\t\t\t\t<div class=\"\">\r\n\t\t\t\t\t\t\t\t\t\t\t<h2 class=\"fw-bold fs-item\">Empresau2028homologada<\/h2>\r\n\t\t\t\t\t\t\t\t\t\t<\/div>\r\n\t\t\t\t\t\t\t\t\t\t<p><a href=https:\/\/giit.es\/homologaciones\/>Ver homologa\u00e7\u00f5es<\/a><\/p>\n\t\t\t\t\t\t\t\t\t<\/div>\r\n\t\t\t\t\t\t\t\t<\/li>\r\n\t\t\t\t\t\t\t\t\t\t\t\t\t\t\t<li class=\"single-counter\">\r\n\t\t\t\t\t\t\t\t\t<div class=\"icon\">\r\n\t\t\t\t\t\t\t\t\t\t<img decoding=\"async\" width=\"60\" height=\"60\" src=\"https:\/\/giit.es\/wp-content\/uploads\/2025\/03\/internacional_iconos_servicios_giit-08.png\" class=\"attachment-full size-full\" alt=\"\" \/>\t\t\t\t\t\t\t\t\t<\/div>\r\n\t\t\t\t\t\t\t\t\t<div class=\"\">\r\n\t\t\t\t\t\t\t\t\t\t<div class=\"\">\r\n\t\t\t\t\t\t\t\t\t\t\t<h2 class=\"fw-bold fs-item\">Espa\u00f1a y Marruecos<\/h2>\r\n\t\t\t\t\t\t\t\t\t\t<\/div>\r\n\t\t\t\t\t\t\t\t\t\t\t\t\t\t\t\t\t\t\t<\/div>\r\n\t\t\t\t\t\t\t\t<\/li>\r\n\t\t\t\t\t\t\t\t\t\t\t\t\t\t\t<li class=\"single-counter\">\r\n\t\t\t\t\t\t\t\t\t<div class=\"icon\">\r\n\t\t\t\t\t\t\t\t\t\t<img decoding=\"async\" width=\"60\" height=\"60\" src=\"https:\/\/giit.es\/wp-content\/uploads\/2025\/03\/sostenible_iconos_servicios_giit-07.png\" class=\"attachment-full size-full\" alt=\"\" \/>\t\t\t\t\t\t\t\t\t<\/div>\r\n\t\t\t\t\t\t\t\t\t<div class=\"\">\r\n\t\t\t\t\t\t\t\t\t\t<div class=\"\">\r\n\t\t\t\t\t\t\t\t\t\t\t<h2 class=\"fw-bold fs-item\">Sostenibles<\/h2>\r\n\t\t\t\t\t\t\t\t\t\t<\/div>\r\n\t\t\t\t\t\t\t\t\t\t<p>Queremos um Meio Ambiente melhor para todos<\/p>\n\t\t\t\t\t\t\t\t\t<\/div>\r\n\t\t\t\t\t\t\t\t<\/li>\r\n\t\t\t\t\t\t\t\t\t\t\t\t\t<\/ul>\r\n\t\t\t\t\t<\/div>\r\n\t\t\t\t<\/div>\r\n\t\t\t<\/div>\r\n\t\t<\/div>\r\n\t<\/div>\r\n<\/div>\r\n<!-- End Solution section -->\r\n            <\/section>\r\n            <!-- FIN Section Sobrenosotros Bloque -->","protected":false},"excerpt":{"rendered":"","protected":false},"author":1,"featured_media":319,"parent":0,"menu_order":0,"comment_status":"closed","ping_status":"closed","template":"page-notitle","meta":{"_acf_changed":false,"inline_featured_image":false,"footnotes":""},"class_list":["post-1198","page","type-page","status-publish","has-post-thumbnail","hentry"],"acf":[],"yoast_head":"<!-- This site is optimized with the Yoast SEO plugin v25.4 - https:\/\/yoast.com\/wordpress\/plugins\/seo\/ -->\n<title>Quem Somos - Giit<\/title>\n<meta name=\"robots\" content=\"index, follow, max-snippet:-1, max-image-preview:large, max-video-preview:-1\" \/>\n<link rel=\"canonical\" href=\"https:\/\/giit.es\/pt-pt\/quienes-somos\/\" \/>\n<meta property=\"og:locale\" content=\"pt_PT\" \/>\n<meta property=\"og:type\" content=\"article\" \/>\n<meta property=\"og:title\" content=\"Quem Somos - Giit\" \/>\n<meta property=\"og:url\" content=\"https:\/\/giit.es\/pt-pt\/quienes-somos\/\" \/>\n<meta property=\"og:site_name\" content=\"Giit\" \/>\n<meta property=\"article:modified_time\" content=\"2025-08-20T20:20:45+00:00\" \/>\n<meta property=\"og:image\" content=\"https:\/\/giit.es\/wp-content\/uploads\/2025\/03\/banne-quienes-somos.jpg\" \/>\n\t<meta property=\"og:image:width\" content=\"1360\" \/>\n\t<meta property=\"og:image:height\" content=\"1020\" \/>\n\t<meta property=\"og:image:type\" content=\"image\/jpeg\" \/>\n<meta name=\"twitter:card\" content=\"summary_large_image\" \/>\n<meta name=\"twitter:label1\" content=\"Tempo estimado de leitura\" \/>\n\t<meta name=\"twitter:data1\" content=\"1 minuto\" \/>\n<script type=\"application\/ld+json\" class=\"yoast-schema-graph\">{\"@context\":\"https:\/\/schema.org\",\"@graph\":[{\"@type\":\"WebPage\",\"@id\":\"https:\/\/giit.es\/pt-pt\/quienes-somos\/\",\"url\":\"https:\/\/giit.es\/pt-pt\/quienes-somos\/\",\"name\":\"Quem Somos - Giit\",\"isPartOf\":{\"@id\":\"https:\/\/giit.es\/#website\"},\"primaryImageOfPage\":{\"@id\":\"https:\/\/giit.es\/pt-pt\/quienes-somos\/#primaryimage\"},\"image\":{\"@id\":\"https:\/\/giit.es\/pt-pt\/quienes-somos\/#primaryimage\"},\"thumbnailUrl\":\"https:\/\/giit.es\/wp-content\/uploads\/2025\/03\/banne-quienes-somos.jpg\",\"datePublished\":\"2025-03-04T21:02:12+00:00\",\"dateModified\":\"2025-08-20T20:20:45+00:00\",\"breadcrumb\":{\"@id\":\"https:\/\/giit.es\/pt-pt\/quienes-somos\/#breadcrumb\"},\"inLanguage\":\"pt-PT\",\"potentialAction\":[{\"@type\":\"ReadAction\",\"target\":[\"https:\/\/giit.es\/pt-pt\/quienes-somos\/\"]}]},{\"@type\":\"ImageObject\",\"inLanguage\":\"pt-PT\",\"@id\":\"https:\/\/giit.es\/pt-pt\/quienes-somos\/#primaryimage\",\"url\":\"https:\/\/giit.es\/wp-content\/uploads\/2025\/03\/banne-quienes-somos.jpg\",\"contentUrl\":\"https:\/\/giit.es\/wp-content\/uploads\/2025\/03\/banne-quienes-somos.jpg\",\"width\":1360,\"height\":1020},{\"@type\":\"BreadcrumbList\",\"@id\":\"https:\/\/giit.es\/pt-pt\/quienes-somos\/#breadcrumb\",\"itemListElement\":[{\"@type\":\"ListItem\",\"position\":1,\"name\":\"In\u00edcio\",\"item\":\"https:\/\/giit.es\/pt-pt\/\"},{\"@type\":\"ListItem\",\"position\":2,\"name\":\"Quem Somos\"}]},{\"@type\":\"WebSite\",\"@id\":\"https:\/\/giit.es\/#website\",\"url\":\"https:\/\/giit.es\/\",\"name\":\"Giit\",\"description\":\"Tu vigilancia y\\u2028seguridad profesional\\u2028homologada\",\"potentialAction\":[{\"@type\":\"SearchAction\",\"target\":{\"@type\":\"EntryPoint\",\"urlTemplate\":\"https:\/\/giit.es\/?s={search_term_string}\"},\"query-input\":{\"@type\":\"PropertyValueSpecification\",\"valueRequired\":true,\"valueName\":\"search_term_string\"}}],\"inLanguage\":\"pt-PT\"}]}<\/script>\n<!-- \/ Yoast SEO plugin. -->","yoast_head_json":{"title":"Quem Somos - Giit","robots":{"index":"index","follow":"follow","max-snippet":"max-snippet:-1","max-image-preview":"max-image-preview:large","max-video-preview":"max-video-preview:-1"},"canonical":"https:\/\/giit.es\/pt-pt\/quienes-somos\/","og_locale":"pt_PT","og_type":"article","og_title":"Quem Somos - Giit","og_url":"https:\/\/giit.es\/pt-pt\/quienes-somos\/","og_site_name":"Giit","article_modified_time":"2025-08-20T20:20:45+00:00","og_image":[{"width":1360,"height":1020,"url":"https:\/\/giit.es\/wp-content\/uploads\/2025\/03\/banne-quienes-somos.jpg","type":"image\/jpeg"}],"twitter_card":"summary_large_image","twitter_misc":{"Tempo estimado de leitura":"1 minuto"},"schema":{"@context":"https:\/\/schema.org","@graph":[{"@type":"WebPage","@id":"https:\/\/giit.es\/pt-pt\/quienes-somos\/","url":"https:\/\/giit.es\/pt-pt\/quienes-somos\/","name":"Quem Somos - Giit","isPartOf":{"@id":"https:\/\/giit.es\/#website"},"primaryImageOfPage":{"@id":"https:\/\/giit.es\/pt-pt\/quienes-somos\/#primaryimage"},"image":{"@id":"https:\/\/giit.es\/pt-pt\/quienes-somos\/#primaryimage"},"thumbnailUrl":"https:\/\/giit.es\/wp-content\/uploads\/2025\/03\/banne-quienes-somos.jpg","datePublished":"2025-03-04T21:02:12+00:00","dateModified":"2025-08-20T20:20:45+00:00","breadcrumb":{"@id":"https:\/\/giit.es\/pt-pt\/quienes-somos\/#breadcrumb"},"inLanguage":"pt-PT","potentialAction":[{"@type":"ReadAction","target":["https:\/\/giit.es\/pt-pt\/quienes-somos\/"]}]},{"@type":"ImageObject","inLanguage":"pt-PT","@id":"https:\/\/giit.es\/pt-pt\/quienes-somos\/#primaryimage","url":"https:\/\/giit.es\/wp-content\/uploads\/2025\/03\/banne-quienes-somos.jpg","contentUrl":"https:\/\/giit.es\/wp-content\/uploads\/2025\/03\/banne-quienes-somos.jpg","width":1360,"height":1020},{"@type":"BreadcrumbList","@id":"https:\/\/giit.es\/pt-pt\/quienes-somos\/#breadcrumb","itemListElement":[{"@type":"ListItem","position":1,"name":"In\u00edcio","item":"https:\/\/giit.es\/pt-pt\/"},{"@type":"ListItem","position":2,"name":"Quem Somos"}]},{"@type":"WebSite","@id":"https:\/\/giit.es\/#website","url":"https:\/\/giit.es\/","name":"Giit","description":"Tu vigilancia y\u2028seguridad profesional\u2028homologada","potentialAction":[{"@type":"SearchAction","target":{"@type":"EntryPoint","urlTemplate":"https:\/\/giit.es\/?s={search_term_string}"},"query-input":{"@type":"PropertyValueSpecification","valueRequired":true,"valueName":"search_term_string"}}],"inLanguage":"pt-PT"}]}},"_links":{"self":[{"href":"https:\/\/giit.es\/pt-pt\/wp-json\/wp\/v2\/pages\/1198","targetHints":{"allow":["GET"]}}],"collection":[{"href":"https:\/\/giit.es\/pt-pt\/wp-json\/wp\/v2\/pages"}],"about":[{"href":"https:\/\/giit.es\/pt-pt\/wp-json\/wp\/v2\/types\/page"}],"author":[{"embeddable":true,"href":"https:\/\/giit.es\/pt-pt\/wp-json\/wp\/v2\/users\/1"}],"replies":[{"embeddable":true,"href":"https:\/\/giit.es\/pt-pt\/wp-json\/wp\/v2\/comments?post=1198"}],"version-history":[{"count":4,"href":"https:\/\/giit.es\/pt-pt\/wp-json\/wp\/v2\/pages\/1198\/revisions"}],"predecessor-version":[{"id":1867,"href":"https:\/\/giit.es\/pt-pt\/wp-json\/wp\/v2\/pages\/1198\/revisions\/1867"}],"wp:featuredmedia":[{"embeddable":true,"href":"https:\/\/giit.es\/pt-pt\/wp-json\/wp\/v2\/media\/319"}],"wp:attachment":[{"href":"https:\/\/giit.es\/pt-pt\/wp-json\/wp\/v2\/media?parent=1198"}],"curies":[{"name":"wp","href":"https:\/\/api.w.org\/{rel}","templated":true}]}}