{"id":1193,"date":"2025-03-04T11:42:19","date_gmt":"2025-03-04T11:42:19","guid":{"rendered":"https:\/\/giit.es\/politica-de-privacidad\/"},"modified":"2025-04-02T16:54:05","modified_gmt":"2025-04-02T16:54:05","slug":"politica-de-privacidad","status":"publish","type":"page","link":"https:\/\/giit.es\/pt-pt\/politica-de-privacidad\/","title":{"rendered":"Pol\u00edtica de Privacidade"},"content":{"rendered":"<!-- Section Actualizacion Bloque -->\r\n            <section id=\"block-section-actualizacion\" class=\"section-actualizacion\">\r\n                \r\n\r\n<div class=\"Actualizacion\">\r\n\t<svg width=\"14\" height=\"14\" viewBox=\"0 0 14 14\" fill=\"none\" xmlns=\"http:\/\/www.w3.org\/2000\/svg\">\r\n\t\t<path d=\"M10.6401 7.65428L5.83339 11.8543C5.64672 12.0098 5.43672 12.0798 5.20339 12.0643C4.97005 12.0487 4.77561 11.9632 4.62005 11.8076C4.4645 11.6521 4.38672 11.4498 4.38672 11.201V2.80095C4.38672 2.6454 4.43339 2.48984 4.52672 2.33428C4.62005 2.17873 4.7445 2.06984 4.90005 2.00762C5.05561 1.9454 5.21894 1.92206 5.39005 1.93762C5.56116 1.95317 5.70894 2.02317 5.83339 2.14762L10.6401 6.34762C10.8267 6.50317 10.9201 6.72095 10.9201 7.00095C10.9201 7.28095 10.8267 7.49873 10.6401 7.65428Z\" fill=\"#2E448D\"\/>\r\n\t<\/svg>\r\n\t<span>\u00daltima atualiza\u00e7\u00e3o<\/span>\r\n\t<svg width=\"28\" height=\"2\" viewBox=\"0 0 28 2\" fill=\"none\" xmlns=\"http:\/\/www.w3.org\/2000\/svg\">\r\n\t\t<rect y=\"0.505859\" width=\"28\" height=\"1\" fill=\"#0D1720\"\/>\r\n\t<\/svg>\r\n\t<span class=\"date-act\">14 de Outubro, 2024<\/span>\r\n<\/div>\r\n\r\n            <\/section>\r\n            <!-- FIN Section Actualizacion Bloque -->\n\n<h2 class=\"wp-block-heading\">2 Pol\u00edtica de Privacidade<\/h2>\n\n<h3 class=\"wp-block-heading\">DADOS IDENTIFICATIVOS<\/h3>\n\n<p>Em cumprimento do dever de informa\u00e7\u00e3o previsto no artigo 10 da Lei 34\/2002, de 11 de julho, de Servi\u00e7os da Sociedade da Informa\u00e7\u00e3o e do Com\u00e9rcio Eletr\u00f4nico, a seguir s\u00e3o refletidos os seguintes dados: A empresa titular do presente dom\u00ednio web \u00e9 Grupo Integral Inova\u00e7\u00e3o Tecnol\u00f3gica S.L. com domic\u00edlio para estes efeitos na rua frailes 22 18004 (Granada) n\u00famero de C.I.F.: B18957985 inscrita no registro comercial de Arandas 6 em Granada Tomo: 1418 Folha: GR-39453 Livro: 0 Inscri\u00e7\u00e3o: 1 Folha: 9 <\/p>\n\n<p>Email de contacto: info@giit.es <\/p>\n\n\n<h3 class=\"wp-block-heading\">USUARIOS<\/h3>\n\n\n<p>O acesso e\/ou uso deste portal ou site web atribui-lhe a condi\u00e7\u00e3o de UTILIZADOR, que aceita, a partir desse acesso e\/ou uso, as Condi\u00e7\u00f5es Gerais de Uso refletidas neste aviso. As Condi\u00e7\u00f5es ser\u00e3o aplic\u00e1veis independentemente das Condi\u00e7\u00f5es Gerais de Contrata\u00e7\u00e3o que, no seu caso, resultem de cumprimento obrigat\u00f3rio. Em todo caso, para qualquer fim espec\u00edfico, ser\u00e1 solicitado o seu consentimento expresso.<\/p>\n\n<h3 class=\"wp-block-heading\">USO DO PORTAL<\/h3>\n\n<p>A nossa web proporciona o acesso a informa\u00e7\u00f5es, servi\u00e7os, programas ou dados (doravante passaremos a denomin\u00e1-los como &#8220;os conte\u00fados&#8221;) na Internet pertencentes ao Grupo Integral Inova\u00e7\u00e3o Tecnol\u00f3gica S.L ou aos seus licenciadores aos quais o USU\u00c1RIO possa ter acesso.<\/p>\n\n<p>O USU\u00c1RIO assume a responsabilidade pelo uso correto do portal. Essa responsabilidade se estende ao registro que for necess\u00e1rio para acessar determinados servi\u00e7os ou conte\u00fados. Nesse registro, o USU\u00c1RIO ser\u00e1 respons\u00e1vel por fornecer informa\u00e7\u00f5es verdadeiras e l\u00edcitas sobre seus dados. Como consequ\u00eancia desse registro, ao USU\u00c1RIO pode ser fornecida uma senha da qual ser\u00e1 respons\u00e1vel, comprometendo-se a fazer um uso diligente, \u00e9tico e confidencial da mesma. O USU\u00c1RIO compromete-se a fazer um uso adequado dos conte\u00fados e servi\u00e7os (como, por exemplo, servi\u00e7os de chat, f\u00f3runs de discuss\u00e3o ou grupos de not\u00edcias) que s\u00e3o oferecidos atrav\u00e9s de seu portal e, de forma enunciativa, mas n\u00e3o limitativa, a n\u00e3o utiliz\u00e1-los para:<\/p>\n\n<ul class=\"wp-block-list\"><li>Incorrer em atividades il\u00edcitas, ilegais ou contr\u00e1rias \u00e0 boa-f\u00e9 e \u00e0 ordem p\u00fablica;<\/li>\n\n<li>Difundir conte\u00fados ou propaganda de car\u00e1cter racista, xen\u00f3fobo, pornogr\u00e1fico-ilegal, de apologia do terrorismo ou atentat\u00f3rio contra os direitos humanos<\/li>\n\n<li>Provocar danos nos sistemas f\u00edsicos e l\u00f3gicos do propriet\u00e1rio, de seus fornecedores ou de terceiros, introduzir ou difundir na rede v\u00edrus inform\u00e1ticos ou quaisquer outros sistemas f\u00edsicos ou l\u00f3gicos que sejam suscet\u00edveis de provocar os danos anteriormente mencionados;<\/li>\n\n<li>Tentar aceder e, se for o caso, utilizar as contas de correio eletr\u00f3nico de outros utilizadores e modificar ou manipular as suas mensagens. O propriet\u00e1rio do portal reserva-se o direito de retirar todos os coment\u00e1rios e contribui\u00e7\u00f5es que violem o respeito pela dignidade da pessoa, que sejam discriminat\u00f3rios, xen\u00f3fobos, racistas, pornogr\u00e1ficos, que atentem contra a juventude ou a inf\u00e2ncia, a ordem ou a seguran\u00e7a p\u00fablica ou que, a seu crit\u00e9rio, n\u00e3o sejam adequados ou convenientes para a sua publica\u00e7\u00e3o. Em qualquer caso, o propriet\u00e1rio do portal n\u00e3o ser\u00e1 respons\u00e1vel pelas opini\u00f5es expressas pelos utilizadores atrav\u00e9s dos f\u00f3runs, chats ou outras ferramentas de participa\u00e7\u00e3o.<\/li><\/ul>\n\n\n<h3 class=\"wp-block-heading\">PROTE\u00c7\u00c3O DE DADOS<\/h3>\n\n<p>O uso de dados pessoais est\u00e1 definido com base no Regulamento Geral de Prote\u00e7\u00e3o de Dados e na normativa espanhola em vigor. Com o objetivo de alcan\u00e7ar a m\u00e1xima transpar\u00eancia e com base na nossa pol\u00edtica proativa, informamos:<\/p>\n\n<p>Por que solicitamos seus dados? Tratamos os dados pessoais de nossos contatos, clientes e fornecedores com a finalidade de gerir a rela\u00e7\u00e3o comercial com nossa organiza\u00e7\u00e3o e, em especial, os aspectos contratuais, o envio de informa\u00e7\u00f5es de nossa organiza\u00e7\u00e3o e do setor, a organiza\u00e7\u00e3o de atividades, campanhas ou eventos e o envio de comunica\u00e7\u00f5es informativas e comerciais (incluindo a via eletr\u00f4nica).<\/p>\n\n<p>Que tipo de dados recolhemos? S\u00e3o guardados os dados b\u00e1sicos de identifica\u00e7\u00e3o e rela\u00e7\u00e3o para o envio de propostas, informa\u00e7\u00e3o comercial, para criar faturas, como por exemplo nome, morada de envio, NIF\/CIF, n\u00famero de conta banc\u00e1ria, se o cliente desejar domiciliar o pagamento.<\/p>\n\n<p>Como s\u00e3o recolhidos? Podemos ter acesso aos seus dados pessoais, seja porque nos fa\u00e7a uma consulta atrav\u00e9s do nosso formul\u00e1rio na p\u00e1gina web, seja porque entre a fazer parte de um processo de sele\u00e7\u00e3o da empresa, ou ainda atrav\u00e9s dos formul\u00e1rios de inscri\u00e7\u00e3o e contrato como cliente ou fornecedor da nossa empresa. Adotou medidas de prote\u00e7\u00e3o t\u00e9cnica e organizativa apropriadas e essas medidas foram aplicadas aos dados pessoais afetados pela potencial viola\u00e7\u00e3o da seguran\u00e7a dos dados pessoais. N\u00e3o h\u00e1 acesso a dados dos clientes\/usu\u00e1rios para pessoas que n\u00e3o estejam autorizadas a aceder a eles. A GIIT desativa as contas dos clientes\/usu\u00e1rios que decidem cancelar e que tenham exercido o seu direito \u00e0 supress\u00e3o. Neste caso, os dados do cliente\/usu\u00e1rio ficar\u00e3o bloqueados e mantidos pelo tempo exigido pela normativa, exclusivamente para dar conta das obriga\u00e7\u00f5es legais que justifiquem a rela\u00e7\u00e3o passada entre as partes.<\/p>\n\n<p>Uso compartilhado com terceiros: . Os dados poder\u00e3o ser comunicados apenas a organiza\u00e7\u00f5es terceiras vinculadas \u00e0 GIIT no \u00e2mbito da gest\u00e3o dos seus produtos e\/ou servi\u00e7os para as mesmas finalidades referidas anteriormente, assim como \u00e0s Administra\u00e7\u00f5es P\u00fablicas competentes, quando assim o exigir a normativa vigente.<\/p>\n\n<p>Os empregados da GIIT que disp\u00f5em de direitos de acesso autorizado de acordo com a estrutura de seguran\u00e7a interna da GIIT podem aceder aos seus dados pessoais com os objetivos e finalidades descritas nesta Pol\u00edtica de Privacidade. Todos os empregados da GIIT foram formados e informados sobre as suas responsabilidades a este respeito e assinam o acordo de confidencialidade correspondente.<\/p>\n\n<p>Igualmente, podem aceder aos seus dados, organiza\u00e7\u00f5es terceiras cuja interven\u00e7\u00e3o seja requerida e\/ou necess\u00e1ria para a gest\u00e3o adequada da presta\u00e7\u00e3o do servi\u00e7o.<\/p>\n\n<p>Direitos: Tem o direito de aceder aos seus dados, rectific\u00e1-los, suprim\u00ed-los, limit\u00e1-los e opor-se ao seu tratamento a qualquer momento, tamb\u00e9m pode retirar o consentimento prestado e reclamar junto da autoridade de controlo (Ag\u00eancia Espanhola de Prote\u00e7\u00e3o de Dados c\/ Jorge Juan n\u00ba 6 28001 Madrid). Para o exerc\u00edcio dos seus direitos, disp\u00f5e de um canal direto com a nossa empresa no email info@giit.es e na morada postal rua frailes 22 18004 (GRANADA) indicando no assunto prote\u00e7\u00e3o de dados.<\/p>\n\n<p>Privacidade na navega\u00e7\u00e3o: <\/p>\n\n<p>O propriet\u00e1rio do portal leva a privacidade muito a s\u00e9rio e se esfor\u00e7a pela transpar\u00eancia em todos os aspectos relacionados com os dados pessoais. Se desejar configurar os cookies, anexamos os links correspondentes a cada navegador. Pedimos que consulte a pol\u00edtica de cookies do nosso site para obter mais informa\u00e7\u00f5es. Voc\u00ea pode encontrar mais informa\u00e7\u00f5es sobre como alterar a configura\u00e7\u00e3o dos cookies no navegador que utiliza na seguinte lista: <\/p>\n\n<ul class=\"wp-block-list\"><li>https:\/\/www.google.com\/intl\/pt\/policies\/technologies\/managing\/ <\/li>\n\n<li>http:\/\/support.mozilla.com\/pt-PT\/kb\/Cookies#w_cookie-settings <\/li>\n\n\n<li>http:\/\/windows.microsoft.com\/pt-PT\/windows-vista\/Block-or-allow-cookies\u00a0<\/li>\n\n\n<li>http:\/\/www.apple.com\/safari\/features.html#security <\/li><\/ul>\n\n\n<p>Da mesma forma, o Grupo Integral Inova\u00e7\u00e3o Tecnol\u00f3gica S.L. informa que cumpre a Lei 34\/2002 de 11 de julho, sobre Servi\u00e7os da Sociedade da Informa\u00e7\u00e3o e Com\u00e9rcio Eletr\u00f4nico, e solicitar\u00e1 o seu consentimento para o tratamento do seu correio eletr\u00f3nico com fins comerciais a cada momento.<\/p>\n\n<h3 class=\"wp-block-heading\">PROPRIEDADE INTELECTUAL E INDUSTRIAL<\/h3>\n\n<p>O propriet\u00e1rio por si ou como cession\u00e1rio \u00e9 titular de todos os direitos de propriedade intelectual e industrial do seu site, bem como dos elementos contidos no mesmo (a t\u00edtulo enunciativo, imagens, som, \u00e1udio, v\u00eddeo, software ou textos; marcas ou log\u00f3tipos, combina\u00e7\u00f5es de cores, estrutura e design, sele\u00e7\u00e3o de materiais utilizados, programas de computador necess\u00e1rios para o seu funcionamento, acesso e uso, etc.).<\/p>\n\n<p>Todos os direitos reservados. Em virtude do disposto nos artigos 8 e 32.1, par\u00e1grafo segundo, da Lei de Propriedade Intelectual, ficam expressamente proibidas a reprodu\u00e7\u00e3o, a distribui\u00e7\u00e3o e a comunica\u00e7\u00e3o p\u00fablica, incluindo a sua modalidade de coloca\u00e7\u00e3o \u00e0 disposi\u00e7\u00e3o, da totalidade ou parte dos conte\u00fados desta p\u00e1gina web, com fins comerciais, em qualquer suporte e por qualquer meio t\u00e9cnico, sem a autoriza\u00e7\u00e3o do Grupo Integral Inova\u00e7\u00e3o Tecnol\u00f3gica S.L.<\/p>\n\n<p>O USU\u00c1RIO compromete-se a respeitar os direitos de Propriedade Intelectual e Industrial pertencentes ao Grupo Integral Inova\u00e7\u00e3o Tecnol\u00f3gica S.L. Poder\u00e1 visualizar os elementos do portal e at\u00e9 imprimi-los, copi\u00e1-los e armazen\u00e1-los no disco r\u00edgido do seu computador ou em qualquer outro suporte f\u00edsico, desde que seja, \u00fanica e exclusivamente, para seu uso pessoal e privado. O USU\u00c1RIO dever\u00e1 abster-se de suprimir, alterar, eludir ou manipular qualquer dispositivo de prote\u00e7\u00e3o ou sistema de seguran\u00e7a que esteja instalado nas p\u00e1ginas do Grupo Integral Inova\u00e7\u00e3o Tecnol\u00f3gica S.L.<\/p>\n\n<h3 class=\"wp-block-heading\">EXCLUS\u00c3O DE GARANTIAS E RESPONSABILIDADE<\/h3>\n\n<p>Grupo Integral Inova\u00e7\u00e3o Tecnol\u00f3gica SL n\u00e3o se responsabiliza, em nenhum caso, pelos danos e preju\u00edzos de qualquer natureza que possam causar, a t\u00edtulo enunciativo: erros ou omiss\u00f5es nos conte\u00fados, falta de disponibilidade do portal ou a transmiss\u00e3o de v\u00edrus ou programas maliciosos ou prejudiciais nos conte\u00fados, apesar de ter adotado todas as medidas tecnol\u00f3gicas necess\u00e1rias para evit\u00e1-los.<\/p>\n\n\n<h3 class=\"wp-block-heading\">MODIFICACIONES\u00a0<\/h3>\n\n\n<p>Grupo Integral Inova\u00e7\u00e3o Tecnol\u00f3gica S.L reserva-se o direito de efetuar, sem aviso pr\u00e9vio, as modifica\u00e7\u00f5es que considerar oportunas em seu portal, podendo alterar, suprimir ou adicionar tanto os conte\u00fados e servi\u00e7os que sejam prestados atrav\u00e9s do mesmo como a forma como estes apare\u00e7am apresentados ou localizados em seu portal.<\/p>\n\n\n<h3 class=\"wp-block-heading\">ENLACES\u00a0<\/h3>\n\n\n<p>No caso de que o Grupo Integral Inova\u00e7\u00e3o Tecnol\u00f3gica S.L. disponibilize links ou hiperliga\u00e7\u00f5es para outros sites da Internet, n\u00e3o exercer\u00e1 nenhum tipo de controle sobre esses sites e conte\u00fados. Em nenhum caso, o Grupo Integral Inova\u00e7\u00e3o Tecnol\u00f3gica S.L. assumir\u00e1 qualquer responsabilidade pelos conte\u00fados de qualquer link pertencente a um site externo, nem garantir\u00e1 a disponibilidade t\u00e9cnica, qualidade, fiabilidade, exatid\u00e3o, amplitude, veracidade, validade e constitucionalidade de qualquer material ou informa\u00e7\u00e3o contida em nenhum desses hiperliga\u00e7\u00f5es ou outros sites da Internet. Caso utilize os links, pedimos que aceda \u00e0 pol\u00edtica de privacidade e aviso legal da p\u00e1gina visitada. Igualmente, a inclus\u00e3o dessas conex\u00f5es externas n\u00e3o implicar\u00e1 nenhum tipo de associa\u00e7\u00e3o, fus\u00e3o ou participa\u00e7\u00e3o com as entidades conectadas.<\/p>\n\n<h3 class=\"wp-block-heading\">DIREITO DE EXCLUS\u00c3O<\/h3>\n\n<p>Grupo Integral Inova\u00e7\u00e3o Tecnol\u00f3gica S.L reserva-se o direito de negar ou retirar o acesso ao portal e\/ou aos servi\u00e7os oferecidos sem necessidade de aviso pr\u00e9vio, a pedido pr\u00f3prio ou de um terceiro, aos usu\u00e1rios que n\u00e3o cumpram as presentes Condi\u00e7\u00f5es Gerais de Uso.<\/p>\n\n\n<h3 class=\"wp-block-heading\">GENERALIDADES\u00a0<\/h3>\n\n\n<p>Ser\u00e1 perseguido o incumprimento das presentes condi\u00e7\u00f5es, assim como qualquer utiliza\u00e7\u00e3o indevida do seu portal, exercendo todas as a\u00e7\u00f5es civis e penais que lhe possam corresponder em direito.<\/p>\n\n<h3 class=\"wp-block-heading\">MODIFICA\u00c7\u00c3O DAS PRESENTES CONDI\u00c7\u00d5ES E DURA\u00c7\u00c3O<\/h3>\n\n<p> poder\u00e1 modificar em qualquer momento as condi\u00e7\u00f5es aqui determinadas, sendo devidamente publicadas como aqui aparecem. A vig\u00eancia das citadas condi\u00e7\u00f5es ir\u00e1 em fun\u00e7\u00e3o da sua exposi\u00e7\u00e3o e estar\u00e3o vigentes at\u00e9 devidamente publicadas. que sejam modificadas por outras. <\/p>\n\n<h3 class=\"wp-block-heading\">LEGISLA\u00c7\u00c3O APLIC\u00c1VEL E JURISDI\u00c7\u00c3O<\/h3>\n\n<p>A rela\u00e7\u00e3o entre o Grupo Integral Inova\u00e7\u00e3o Tecnol\u00f3gica S.L e o USU\u00c1RIO ser\u00e1 regida pela normativa espanhola vigente e qualquer controv\u00e9rsia ser\u00e1 submetida \u00e0 autoridade pertinente.<\/p>","protected":false},"excerpt":{"rendered":"<p>2 Pol\u00edtica de Privacidade DADOS IDENTIFICATIVOS Em cumprimento do dever de informa\u00e7\u00e3o previsto no artigo 10 da Lei 34\/2002, de 11 de julho, de Servi\u00e7os da Sociedade da Informa\u00e7\u00e3o e do Com\u00e9rcio Eletr\u00f4nico, a seguir s\u00e3o refletidos os seguintes dados: A empresa titular do presente dom\u00ednio web \u00e9 Grupo Integral Inova\u00e7\u00e3o Tecnol\u00f3gica S.L. com domic\u00edlio [&hellip;]<\/p>\n","protected":false},"author":1,"featured_media":425,"parent":0,"menu_order":0,"comment_status":"closed","ping_status":"closed","template":"page-textoslegales","meta":{"_acf_changed":false,"inline_featured_image":false,"footnotes":""},"class_list":["post-1193","page","type-page","status-publish","has-post-thumbnail","hentry"],"acf":[],"yoast_head":"<!-- This site is optimized with the Yoast SEO plugin v25.4 - https:\/\/yoast.com\/wordpress\/plugins\/seo\/ -->\n<title>Pol\u00edtica de Privacidade - Giit<\/title>\n<meta name=\"robots\" content=\"index, follow, max-snippet:-1, max-image-preview:large, max-video-preview:-1\" \/>\n<link rel=\"canonical\" href=\"https:\/\/giit.es\/pt-pt\/politica-de-privacidad\/\" \/>\n<meta property=\"og:locale\" content=\"pt_PT\" \/>\n<meta property=\"og:type\" content=\"article\" \/>\n<meta property=\"og:title\" content=\"Pol\u00edtica de Privacidade - Giit\" \/>\n<meta property=\"og:description\" content=\"2 Pol\u00edtica de Privacidade DADOS IDENTIFICATIVOS Em cumprimento do dever de informa\u00e7\u00e3o previsto no artigo 10 da Lei 34\/2002, de 11 de julho, de Servi\u00e7os da Sociedade da Informa\u00e7\u00e3o e do Com\u00e9rcio Eletr\u00f4nico, a seguir s\u00e3o refletidos os seguintes dados: A empresa titular do presente dom\u00ednio web \u00e9 Grupo Integral Inova\u00e7\u00e3o Tecnol\u00f3gica S.L. com domic\u00edlio [&hellip;]\" \/>\n<meta property=\"og:url\" content=\"https:\/\/giit.es\/pt-pt\/politica-de-privacidad\/\" \/>\n<meta property=\"og:site_name\" content=\"Giit\" \/>\n<meta property=\"article:modified_time\" content=\"2025-04-02T16:54:05+00:00\" \/>\n<meta property=\"og:image\" content=\"https:\/\/giit.es\/wp-content\/uploads\/2025\/03\/Enmascarar-grupo-44-1.jpg\" \/>\n\t<meta property=\"og:image:width\" content=\"1920\" \/>\n\t<meta property=\"og:image:height\" content=\"648\" \/>\n\t<meta property=\"og:image:type\" content=\"image\/jpeg\" \/>\n<meta name=\"twitter:card\" content=\"summary_large_image\" \/>\n<meta name=\"twitter:label1\" content=\"Tempo estimado de leitura\" \/>\n\t<meta name=\"twitter:data1\" content=\"10 minutos\" \/>\n<script type=\"application\/ld+json\" class=\"yoast-schema-graph\">{\"@context\":\"https:\/\/schema.org\",\"@graph\":[{\"@type\":\"WebPage\",\"@id\":\"https:\/\/giit.es\/pt-pt\/politica-de-privacidad\/\",\"url\":\"https:\/\/giit.es\/pt-pt\/politica-de-privacidad\/\",\"name\":\"Pol\u00edtica de Privacidade - Giit\",\"isPartOf\":{\"@id\":\"https:\/\/giit.es\/#website\"},\"primaryImageOfPage\":{\"@id\":\"https:\/\/giit.es\/pt-pt\/politica-de-privacidad\/#primaryimage\"},\"image\":{\"@id\":\"https:\/\/giit.es\/pt-pt\/politica-de-privacidad\/#primaryimage\"},\"thumbnailUrl\":\"https:\/\/giit.es\/wp-content\/uploads\/2025\/03\/Enmascarar-grupo-44-1.jpg\",\"datePublished\":\"2025-03-04T11:42:19+00:00\",\"dateModified\":\"2025-04-02T16:54:05+00:00\",\"breadcrumb\":{\"@id\":\"https:\/\/giit.es\/pt-pt\/politica-de-privacidad\/#breadcrumb\"},\"inLanguage\":\"pt-PT\",\"potentialAction\":[{\"@type\":\"ReadAction\",\"target\":[\"https:\/\/giit.es\/pt-pt\/politica-de-privacidad\/\"]}]},{\"@type\":\"ImageObject\",\"inLanguage\":\"pt-PT\",\"@id\":\"https:\/\/giit.es\/pt-pt\/politica-de-privacidad\/#primaryimage\",\"url\":\"https:\/\/giit.es\/wp-content\/uploads\/2025\/03\/Enmascarar-grupo-44-1.jpg\",\"contentUrl\":\"https:\/\/giit.es\/wp-content\/uploads\/2025\/03\/Enmascarar-grupo-44-1.jpg\",\"width\":1920,\"height\":648},{\"@type\":\"BreadcrumbList\",\"@id\":\"https:\/\/giit.es\/pt-pt\/politica-de-privacidad\/#breadcrumb\",\"itemListElement\":[{\"@type\":\"ListItem\",\"position\":1,\"name\":\"In\u00edcio\",\"item\":\"https:\/\/giit.es\/pt-pt\/\"},{\"@type\":\"ListItem\",\"position\":2,\"name\":\"Pol\u00edtica de Privacidade\"}]},{\"@type\":\"WebSite\",\"@id\":\"https:\/\/giit.es\/#website\",\"url\":\"https:\/\/giit.es\/\",\"name\":\"Giit\",\"description\":\"Tu vigilancia y\\u2028seguridad profesional\\u2028homologada\",\"potentialAction\":[{\"@type\":\"SearchAction\",\"target\":{\"@type\":\"EntryPoint\",\"urlTemplate\":\"https:\/\/giit.es\/?s={search_term_string}\"},\"query-input\":{\"@type\":\"PropertyValueSpecification\",\"valueRequired\":true,\"valueName\":\"search_term_string\"}}],\"inLanguage\":\"pt-PT\"}]}<\/script>\n<!-- \/ Yoast SEO plugin. -->","yoast_head_json":{"title":"Pol\u00edtica de Privacidade - Giit","robots":{"index":"index","follow":"follow","max-snippet":"max-snippet:-1","max-image-preview":"max-image-preview:large","max-video-preview":"max-video-preview:-1"},"canonical":"https:\/\/giit.es\/pt-pt\/politica-de-privacidad\/","og_locale":"pt_PT","og_type":"article","og_title":"Pol\u00edtica de Privacidade - Giit","og_description":"2 Pol\u00edtica de Privacidade DADOS IDENTIFICATIVOS Em cumprimento do dever de informa\u00e7\u00e3o previsto no artigo 10 da Lei 34\/2002, de 11 de julho, de Servi\u00e7os da Sociedade da Informa\u00e7\u00e3o e do Com\u00e9rcio Eletr\u00f4nico, a seguir s\u00e3o refletidos os seguintes dados: A empresa titular do presente dom\u00ednio web \u00e9 Grupo Integral Inova\u00e7\u00e3o Tecnol\u00f3gica S.L. com domic\u00edlio [&hellip;]","og_url":"https:\/\/giit.es\/pt-pt\/politica-de-privacidad\/","og_site_name":"Giit","article_modified_time":"2025-04-02T16:54:05+00:00","og_image":[{"width":1920,"height":648,"url":"https:\/\/giit.es\/wp-content\/uploads\/2025\/03\/Enmascarar-grupo-44-1.jpg","type":"image\/jpeg"}],"twitter_card":"summary_large_image","twitter_misc":{"Tempo estimado de leitura":"10 minutos"},"schema":{"@context":"https:\/\/schema.org","@graph":[{"@type":"WebPage","@id":"https:\/\/giit.es\/pt-pt\/politica-de-privacidad\/","url":"https:\/\/giit.es\/pt-pt\/politica-de-privacidad\/","name":"Pol\u00edtica de Privacidade - Giit","isPartOf":{"@id":"https:\/\/giit.es\/#website"},"primaryImageOfPage":{"@id":"https:\/\/giit.es\/pt-pt\/politica-de-privacidad\/#primaryimage"},"image":{"@id":"https:\/\/giit.es\/pt-pt\/politica-de-privacidad\/#primaryimage"},"thumbnailUrl":"https:\/\/giit.es\/wp-content\/uploads\/2025\/03\/Enmascarar-grupo-44-1.jpg","datePublished":"2025-03-04T11:42:19+00:00","dateModified":"2025-04-02T16:54:05+00:00","breadcrumb":{"@id":"https:\/\/giit.es\/pt-pt\/politica-de-privacidad\/#breadcrumb"},"inLanguage":"pt-PT","potentialAction":[{"@type":"ReadAction","target":["https:\/\/giit.es\/pt-pt\/politica-de-privacidad\/"]}]},{"@type":"ImageObject","inLanguage":"pt-PT","@id":"https:\/\/giit.es\/pt-pt\/politica-de-privacidad\/#primaryimage","url":"https:\/\/giit.es\/wp-content\/uploads\/2025\/03\/Enmascarar-grupo-44-1.jpg","contentUrl":"https:\/\/giit.es\/wp-content\/uploads\/2025\/03\/Enmascarar-grupo-44-1.jpg","width":1920,"height":648},{"@type":"BreadcrumbList","@id":"https:\/\/giit.es\/pt-pt\/politica-de-privacidad\/#breadcrumb","itemListElement":[{"@type":"ListItem","position":1,"name":"In\u00edcio","item":"https:\/\/giit.es\/pt-pt\/"},{"@type":"ListItem","position":2,"name":"Pol\u00edtica de Privacidade"}]},{"@type":"WebSite","@id":"https:\/\/giit.es\/#website","url":"https:\/\/giit.es\/","name":"Giit","description":"Tu vigilancia y\u2028seguridad profesional\u2028homologada","potentialAction":[{"@type":"SearchAction","target":{"@type":"EntryPoint","urlTemplate":"https:\/\/giit.es\/?s={search_term_string}"},"query-input":{"@type":"PropertyValueSpecification","valueRequired":true,"valueName":"search_term_string"}}],"inLanguage":"pt-PT"}]}},"_links":{"self":[{"href":"https:\/\/giit.es\/pt-pt\/wp-json\/wp\/v2\/pages\/1193","targetHints":{"allow":["GET"]}}],"collection":[{"href":"https:\/\/giit.es\/pt-pt\/wp-json\/wp\/v2\/pages"}],"about":[{"href":"https:\/\/giit.es\/pt-pt\/wp-json\/wp\/v2\/types\/page"}],"author":[{"embeddable":true,"href":"https:\/\/giit.es\/pt-pt\/wp-json\/wp\/v2\/users\/1"}],"replies":[{"embeddable":true,"href":"https:\/\/giit.es\/pt-pt\/wp-json\/wp\/v2\/comments?post=1193"}],"version-history":[{"count":2,"href":"https:\/\/giit.es\/pt-pt\/wp-json\/wp\/v2\/pages\/1193\/revisions"}],"predecessor-version":[{"id":1212,"href":"https:\/\/giit.es\/pt-pt\/wp-json\/wp\/v2\/pages\/1193\/revisions\/1212"}],"wp:featuredmedia":[{"embeddable":true,"href":"https:\/\/giit.es\/pt-pt\/wp-json\/wp\/v2\/media\/425"}],"wp:attachment":[{"href":"https:\/\/giit.es\/pt-pt\/wp-json\/wp\/v2\/media?parent=1193"}],"curies":[{"name":"wp","href":"https:\/\/api.w.org\/{rel}","templated":true}]}}