{"id":1191,"date":"2025-03-18T19:56:32","date_gmt":"2025-03-18T19:56:32","guid":{"rendered":"https:\/\/giit.es\/politica-de-empresa\/"},"modified":"2025-04-02T16:52:05","modified_gmt":"2025-04-02T16:52:05","slug":"politica-de-empresa","status":"publish","type":"page","link":"https:\/\/giit.es\/pt-pt\/politica-de-empresa\/","title":{"rendered":"Pol\u00edtica de Empresa"},"content":{"rendered":"<!-- Section Actualizacion Bloque -->\r\n            <section id=\"block-section-actualizacion\" class=\"section-actualizacion\">\r\n                \r\n\r\n<div class=\"Actualizacion\">\r\n\t<svg width=\"14\" height=\"14\" viewBox=\"0 0 14 14\" fill=\"none\" xmlns=\"http:\/\/www.w3.org\/2000\/svg\">\r\n\t\t<path d=\"M10.6401 7.65428L5.83339 11.8543C5.64672 12.0098 5.43672 12.0798 5.20339 12.0643C4.97005 12.0487 4.77561 11.9632 4.62005 11.8076C4.4645 11.6521 4.38672 11.4498 4.38672 11.201V2.80095C4.38672 2.6454 4.43339 2.48984 4.52672 2.33428C4.62005 2.17873 4.7445 2.06984 4.90005 2.00762C5.05561 1.9454 5.21894 1.92206 5.39005 1.93762C5.56116 1.95317 5.70894 2.02317 5.83339 2.14762L10.6401 6.34762C10.8267 6.50317 10.9201 6.72095 10.9201 7.00095C10.9201 7.28095 10.8267 7.49873 10.6401 7.65428Z\" fill=\"#2E448D\"\/>\r\n\t<\/svg>\r\n\t<span>\u00daltima atualiza\u00e7\u00e3o<\/span>\r\n\t<svg width=\"28\" height=\"2\" viewBox=\"0 0 28 2\" fill=\"none\" xmlns=\"http:\/\/www.w3.org\/2000\/svg\">\r\n\t\t<rect y=\"0.505859\" width=\"28\" height=\"1\" fill=\"#0D1720\"\/>\r\n\t<\/svg>\r\n\t<span class=\"date-act\">14 de Outubro, 2024<\/span>\r\n<\/div>\r\n\r\n            <\/section>\r\n            <!-- FIN Section Actualizacion Bloque -->\n\n<h2 class=\"wp-block-heading\">1 Pol\u00edtica da Empresa<\/h2>\n\n<p>Grupo Integral de Inova\u00e7\u00e3o Tecnol\u00f3gica S.L. \u00e9 uma organiza\u00e7\u00e3o dedicada ao Design, Montagem e Manuten\u00e7\u00e3o de:<\/p>\n\n<ul class=\"wp-block-list\"><li>Prote\u00e7\u00e3o Contra Inc\u00eandios (Sistemas de dete\u00e7\u00e3o e alarme de inc\u00eandios, Sistemas de abastecimento de \u00e1gua contra inc\u00eandios, Sistemas de hidrantes contra inc\u00eandios, Extintores de inc\u00eandios, Sistemas de bocas de inc\u00eandios equipadas, Sistemas de coluna seca, Sistemas fixos de extin\u00e7\u00e3o por chuveiros autom\u00e1ticos e \u00e1gua pulverizada, Sistemas fixos de extin\u00e7\u00e3o por \u00e1gua nebulizada, Sistemas fixos de extin\u00e7\u00e3o por espuma f\u00edsica, Sistemas fixos de extin\u00e7\u00e3o por agentes extintores gasosos, Sistemas fixos de extin\u00e7\u00e3o por aeross\u00f3is condensados, e Mantas ign\u00edfugas).<\/li>\n\n<li>Circuitos Fechados de Televis\u00e3o CCTV<\/li>\n\n<li>Sistemas Anti-intrus\u00e3o SES<\/li>\n\n<li>Sistemas de Tele Gest\u00e3o<\/li>\n\n<li>Sistemas para a Efici\u00eancia Energ\u00e9tica<\/li><\/ul>\n\n\n<p>Constitu\u00edda a 24 de fevereiro de 2011 e inscrita no Registro Mercantil de Granada n\u00ba4 Tomo 1418, Livro 0, Folio 9, Folha GR-39453 Inscri\u00e7\u00e3o 1. Homologada pelo Minist\u00e9rio do Interior em julho de 2012 e inscrita no Registro de Empresas de Seguran\u00e7a com o n\u00famero 3870, estando autorizada para a \u201cInstala\u00e7\u00e3o e manuten\u00e7\u00e3o de aparelhos, dispositivos e sistemas de seguran\u00e7a conectados a centrais receptoras de alarme\u201d e homologada pela Dire\u00e7\u00e3o Geral de Ind\u00fastria, Energia e Minas e inscrita no Registro de Empresas de Instaladora de Prote\u00e7\u00e3o Contra Inc\u00eandios e empresa Mantenedora de Prote\u00e7\u00e3o Contra Inc\u00eandios para \u201cProjetos, Estudos, Instala\u00e7\u00e3o e Manuten\u00e7\u00e3o de equipamentos e Sistemas de Prote\u00e7\u00e3o Contra Inc\u00eandios\u201d<\/p>\n\n<p>GIIT compromete-se a:<\/p>\n\n<ul class=\"wp-block-list\"><li>Aumentar o n\u00famero dos nossos clientes com base na melhoria da sua Satisfa\u00e7\u00e3o com os nossos trabalhos.<\/li>\n\n<li>Prevenir a contamina\u00e7\u00e3o, promover a Reciclagem e o eco-design, e a melhoria da Efici\u00eancia Energ\u00e9tica.<\/li>\n\n<li>Priorizar a prote\u00e7\u00e3o da seguran\u00e7a e sa\u00fade dos nossos trabalhadores e daqueles que atuam em nosso nome, eliminando perigos, reduzindo riscos, prevenindo danos e monitorando sua sa\u00fade.<\/li>\n\n<li>Informar sobre os impactos ambientais que consideramos significativos a quem assim o solicitar.<\/li>\n\n<li>Cumprir e fazer cumprir os requisitos legais, regulamentares, normativos e qualquer outro que nos sejam aplic\u00e1veis.<\/li>\n\n<li>Aplicar qualquer outro tipo de requisitos que suponha melhorar o n\u00edvel de Qualidade, Ambiental, a Seguran\u00e7a e Sa\u00fade no Trabalho e Efici\u00eancia Energ\u00e9tica dos nossos servi\u00e7os.<\/li>\n\n<li>Estar na vanguarda da inova\u00e7\u00e3o das instala\u00e7\u00f5es Projetadas, Executadas e Mantidas, e em cada recurso t\u00e9cnico e humano necess\u00e1rio para a sua aplica\u00e7\u00e3o.<\/li>\n\n<li>Estabelecer os mecanismos necess\u00e1rios para a participa\u00e7\u00e3o ativa e respons\u00e1vel de todo o pessoal neste princ\u00edpio de melhoria cont\u00ednua, fazendo-os ver que todas as suas sugest\u00f5es ser\u00e3o atendidas e tidas em conta para conseguir que o seu trabalho seja mais eficaz, seguro, saud\u00e1vel e satisfat\u00f3rio.<\/li>\n\n<li>Aconselhamos e formamos o nosso pessoal, clientes e fornecedores na melhoria dos nossos trabalhos, do Meio Ambiente, da Seguran\u00e7a e Sa\u00fade no Trabalho e no uso eficiente da Energia.<\/li>\n\n<li>Proporcionar a informa\u00e7\u00e3o, recursos humanos e t\u00e9cnicos aos Programas de Gest\u00e3o, Objetivos e Metas estabelecidos de forma que nos permita avaliar periodicamente a efic\u00e1cia e efici\u00eancia dos nossos processos e servi\u00e7os.<\/li><\/ul>\n\n\n<p>Com o objetivo de garantir o funcionamento \u00f3timo do Sistema Integrado de Gest\u00e3o e assegurar a disponibilidade de recursos para o funcionamento efetivo dos processos, decidiu-se delegar no Respons\u00e1vel pelo Sistema, como representante da Dire\u00e7\u00e3o, a autoridade e liberdade suficientes para assegurar que o Sistema Integrado est\u00e1 estabelecido e desenvolvido, assim como para detectar os problemas e recomendar e iniciar solu\u00e7\u00f5es para os mesmos.<\/p>\n\n<p>Esta Pol\u00edtica ser\u00e1 divulgada pelo Respons\u00e1vel do Sistema ao pessoal envolvido na presta\u00e7\u00e3o dos servi\u00e7os, para que, uma vez entendida, seja aplicada e mantida atualizada em todos os n\u00edveis da organiza\u00e7\u00e3o. Al\u00e9m disso, estar\u00e1 exposta nos quadros informativos e aparecer\u00e1 na p\u00e1gina web da empresa como demonstra\u00e7\u00e3o de compromisso com nossos clientes, fornecedores e a sociedade em geral.<\/p>\n\n<p>A Dire\u00e7\u00e3o compromete-se a rever periodicamente esta Pol\u00edtica nas Revis\u00f5es do Sistema, para assim adequar os objetivos \u00e0 natureza, magnitude dos Impactos Ambientais gerados, \u00e0 natureza e magnitude dos riscos laborais, aos crit\u00e9rios de satisfa\u00e7\u00e3o dos clientes e \u00e0 melhoria cont\u00ednua dos Processos de Presta\u00e7\u00e3o de Servi\u00e7os e de Gest\u00e3o do Sistema Integrado.<\/p>","protected":false},"excerpt":{"rendered":"<p>1 Pol\u00edtica da Empresa Grupo Integral de Inova\u00e7\u00e3o Tecnol\u00f3gica S.L. \u00e9 uma organiza\u00e7\u00e3o dedicada ao Design, Montagem e Manuten\u00e7\u00e3o de: Constitu\u00edda a 24 de fevereiro de 2011 e inscrita no Registro Mercantil de Granada n\u00ba4 Tomo 1418, Livro 0, Folio 9, Folha GR-39453 Inscri\u00e7\u00e3o 1. Homologada pelo Minist\u00e9rio do Interior em julho de 2012 e [&hellip;]<\/p>\n","protected":false},"author":1,"featured_media":425,"parent":0,"menu_order":0,"comment_status":"closed","ping_status":"closed","template":"wp-custom-template-textos-legales","meta":{"_acf_changed":false,"inline_featured_image":false,"footnotes":""},"class_list":["post-1191","page","type-page","status-publish","has-post-thumbnail","hentry"],"acf":[],"yoast_head":"<!-- This site is optimized with the Yoast SEO plugin v25.4 - https:\/\/yoast.com\/wordpress\/plugins\/seo\/ -->\n<title>Pol\u00edtica de Empresa - Giit<\/title>\n<meta name=\"robots\" content=\"index, follow, max-snippet:-1, max-image-preview:large, max-video-preview:-1\" \/>\n<link rel=\"canonical\" href=\"https:\/\/giit.es\/pt-pt\/politica-de-empresa\/\" \/>\n<meta property=\"og:locale\" content=\"pt_PT\" \/>\n<meta property=\"og:type\" content=\"article\" \/>\n<meta property=\"og:title\" content=\"Pol\u00edtica de Empresa - Giit\" \/>\n<meta property=\"og:description\" content=\"1 Pol\u00edtica da Empresa Grupo Integral de Inova\u00e7\u00e3o Tecnol\u00f3gica S.L. \u00e9 uma organiza\u00e7\u00e3o dedicada ao Design, Montagem e Manuten\u00e7\u00e3o de: Constitu\u00edda a 24 de fevereiro de 2011 e inscrita no Registro Mercantil de Granada n\u00ba4 Tomo 1418, Livro 0, Folio 9, Folha GR-39453 Inscri\u00e7\u00e3o 1. Homologada pelo Minist\u00e9rio do Interior em julho de 2012 e [&hellip;]\" \/>\n<meta property=\"og:url\" content=\"https:\/\/giit.es\/pt-pt\/politica-de-empresa\/\" \/>\n<meta property=\"og:site_name\" content=\"Giit\" \/>\n<meta property=\"article:modified_time\" content=\"2025-04-02T16:52:05+00:00\" \/>\n<meta property=\"og:image\" content=\"https:\/\/giit.es\/wp-content\/uploads\/2025\/03\/Enmascarar-grupo-44-1.jpg\" \/>\n\t<meta property=\"og:image:width\" content=\"1920\" \/>\n\t<meta property=\"og:image:height\" content=\"648\" \/>\n\t<meta property=\"og:image:type\" content=\"image\/jpeg\" \/>\n<meta name=\"twitter:card\" content=\"summary_large_image\" \/>\n<meta name=\"twitter:label1\" content=\"Tempo estimado de leitura\" \/>\n\t<meta name=\"twitter:data1\" content=\"4 minutos\" \/>\n<script type=\"application\/ld+json\" class=\"yoast-schema-graph\">{\"@context\":\"https:\/\/schema.org\",\"@graph\":[{\"@type\":\"WebPage\",\"@id\":\"https:\/\/giit.es\/pt-pt\/politica-de-empresa\/\",\"url\":\"https:\/\/giit.es\/pt-pt\/politica-de-empresa\/\",\"name\":\"Pol\u00edtica de Empresa - Giit\",\"isPartOf\":{\"@id\":\"https:\/\/giit.es\/#website\"},\"primaryImageOfPage\":{\"@id\":\"https:\/\/giit.es\/pt-pt\/politica-de-empresa\/#primaryimage\"},\"image\":{\"@id\":\"https:\/\/giit.es\/pt-pt\/politica-de-empresa\/#primaryimage\"},\"thumbnailUrl\":\"https:\/\/giit.es\/wp-content\/uploads\/2025\/03\/Enmascarar-grupo-44-1.jpg\",\"datePublished\":\"2025-03-18T19:56:32+00:00\",\"dateModified\":\"2025-04-02T16:52:05+00:00\",\"breadcrumb\":{\"@id\":\"https:\/\/giit.es\/pt-pt\/politica-de-empresa\/#breadcrumb\"},\"inLanguage\":\"pt-PT\",\"potentialAction\":[{\"@type\":\"ReadAction\",\"target\":[\"https:\/\/giit.es\/pt-pt\/politica-de-empresa\/\"]}]},{\"@type\":\"ImageObject\",\"inLanguage\":\"pt-PT\",\"@id\":\"https:\/\/giit.es\/pt-pt\/politica-de-empresa\/#primaryimage\",\"url\":\"https:\/\/giit.es\/wp-content\/uploads\/2025\/03\/Enmascarar-grupo-44-1.jpg\",\"contentUrl\":\"https:\/\/giit.es\/wp-content\/uploads\/2025\/03\/Enmascarar-grupo-44-1.jpg\",\"width\":1920,\"height\":648},{\"@type\":\"BreadcrumbList\",\"@id\":\"https:\/\/giit.es\/pt-pt\/politica-de-empresa\/#breadcrumb\",\"itemListElement\":[{\"@type\":\"ListItem\",\"position\":1,\"name\":\"In\u00edcio\",\"item\":\"https:\/\/giit.es\/pt-pt\/\"},{\"@type\":\"ListItem\",\"position\":2,\"name\":\"Pol\u00edtica de Empresa\"}]},{\"@type\":\"WebSite\",\"@id\":\"https:\/\/giit.es\/#website\",\"url\":\"https:\/\/giit.es\/\",\"name\":\"Giit\",\"description\":\"Tu vigilancia y\\u2028seguridad profesional\\u2028homologada\",\"potentialAction\":[{\"@type\":\"SearchAction\",\"target\":{\"@type\":\"EntryPoint\",\"urlTemplate\":\"https:\/\/giit.es\/?s={search_term_string}\"},\"query-input\":{\"@type\":\"PropertyValueSpecification\",\"valueRequired\":true,\"valueName\":\"search_term_string\"}}],\"inLanguage\":\"pt-PT\"}]}<\/script>\n<!-- \/ Yoast SEO plugin. -->","yoast_head_json":{"title":"Pol\u00edtica de Empresa - Giit","robots":{"index":"index","follow":"follow","max-snippet":"max-snippet:-1","max-image-preview":"max-image-preview:large","max-video-preview":"max-video-preview:-1"},"canonical":"https:\/\/giit.es\/pt-pt\/politica-de-empresa\/","og_locale":"pt_PT","og_type":"article","og_title":"Pol\u00edtica de Empresa - Giit","og_description":"1 Pol\u00edtica da Empresa Grupo Integral de Inova\u00e7\u00e3o Tecnol\u00f3gica S.L. \u00e9 uma organiza\u00e7\u00e3o dedicada ao Design, Montagem e Manuten\u00e7\u00e3o de: Constitu\u00edda a 24 de fevereiro de 2011 e inscrita no Registro Mercantil de Granada n\u00ba4 Tomo 1418, Livro 0, Folio 9, Folha GR-39453 Inscri\u00e7\u00e3o 1. Homologada pelo Minist\u00e9rio do Interior em julho de 2012 e [&hellip;]","og_url":"https:\/\/giit.es\/pt-pt\/politica-de-empresa\/","og_site_name":"Giit","article_modified_time":"2025-04-02T16:52:05+00:00","og_image":[{"width":1920,"height":648,"url":"https:\/\/giit.es\/wp-content\/uploads\/2025\/03\/Enmascarar-grupo-44-1.jpg","type":"image\/jpeg"}],"twitter_card":"summary_large_image","twitter_misc":{"Tempo estimado de leitura":"4 minutos"},"schema":{"@context":"https:\/\/schema.org","@graph":[{"@type":"WebPage","@id":"https:\/\/giit.es\/pt-pt\/politica-de-empresa\/","url":"https:\/\/giit.es\/pt-pt\/politica-de-empresa\/","name":"Pol\u00edtica de Empresa - Giit","isPartOf":{"@id":"https:\/\/giit.es\/#website"},"primaryImageOfPage":{"@id":"https:\/\/giit.es\/pt-pt\/politica-de-empresa\/#primaryimage"},"image":{"@id":"https:\/\/giit.es\/pt-pt\/politica-de-empresa\/#primaryimage"},"thumbnailUrl":"https:\/\/giit.es\/wp-content\/uploads\/2025\/03\/Enmascarar-grupo-44-1.jpg","datePublished":"2025-03-18T19:56:32+00:00","dateModified":"2025-04-02T16:52:05+00:00","breadcrumb":{"@id":"https:\/\/giit.es\/pt-pt\/politica-de-empresa\/#breadcrumb"},"inLanguage":"pt-PT","potentialAction":[{"@type":"ReadAction","target":["https:\/\/giit.es\/pt-pt\/politica-de-empresa\/"]}]},{"@type":"ImageObject","inLanguage":"pt-PT","@id":"https:\/\/giit.es\/pt-pt\/politica-de-empresa\/#primaryimage","url":"https:\/\/giit.es\/wp-content\/uploads\/2025\/03\/Enmascarar-grupo-44-1.jpg","contentUrl":"https:\/\/giit.es\/wp-content\/uploads\/2025\/03\/Enmascarar-grupo-44-1.jpg","width":1920,"height":648},{"@type":"BreadcrumbList","@id":"https:\/\/giit.es\/pt-pt\/politica-de-empresa\/#breadcrumb","itemListElement":[{"@type":"ListItem","position":1,"name":"In\u00edcio","item":"https:\/\/giit.es\/pt-pt\/"},{"@type":"ListItem","position":2,"name":"Pol\u00edtica de Empresa"}]},{"@type":"WebSite","@id":"https:\/\/giit.es\/#website","url":"https:\/\/giit.es\/","name":"Giit","description":"Tu vigilancia y\u2028seguridad profesional\u2028homologada","potentialAction":[{"@type":"SearchAction","target":{"@type":"EntryPoint","urlTemplate":"https:\/\/giit.es\/?s={search_term_string}"},"query-input":{"@type":"PropertyValueSpecification","valueRequired":true,"valueName":"search_term_string"}}],"inLanguage":"pt-PT"}]}},"_links":{"self":[{"href":"https:\/\/giit.es\/pt-pt\/wp-json\/wp\/v2\/pages\/1191","targetHints":{"allow":["GET"]}}],"collection":[{"href":"https:\/\/giit.es\/pt-pt\/wp-json\/wp\/v2\/pages"}],"about":[{"href":"https:\/\/giit.es\/pt-pt\/wp-json\/wp\/v2\/types\/page"}],"author":[{"embeddable":true,"href":"https:\/\/giit.es\/pt-pt\/wp-json\/wp\/v2\/users\/1"}],"replies":[{"embeddable":true,"href":"https:\/\/giit.es\/pt-pt\/wp-json\/wp\/v2\/comments?post=1191"}],"version-history":[{"count":2,"href":"https:\/\/giit.es\/pt-pt\/wp-json\/wp\/v2\/pages\/1191\/revisions"}],"predecessor-version":[{"id":1208,"href":"https:\/\/giit.es\/pt-pt\/wp-json\/wp\/v2\/pages\/1191\/revisions\/1208"}],"wp:featuredmedia":[{"embeddable":true,"href":"https:\/\/giit.es\/pt-pt\/wp-json\/wp\/v2\/media\/425"}],"wp:attachment":[{"href":"https:\/\/giit.es\/pt-pt\/wp-json\/wp\/v2\/media?parent=1191"}],"curies":[{"name":"wp","href":"https:\/\/api.w.org\/{rel}","templated":true}]}}