{"id":1154,"date":"2025-03-04T11:42:19","date_gmt":"2025-03-04T11:42:19","guid":{"rendered":"https:\/\/giit.es\/politica-de-privacidad\/"},"modified":"2025-04-02T16:54:03","modified_gmt":"2025-04-02T16:54:03","slug":"politica-de-privacidad","status":"publish","type":"page","link":"https:\/\/giit.es\/it\/politica-de-privacidad\/","title":{"rendered":"Politica sulla Privacy"},"content":{"rendered":"<!-- Section Actualizacion Bloque -->\r\n            <section id=\"block-section-actualizacion\" class=\"section-actualizacion\">\r\n                \r\n\r\n<div class=\"Actualizacion\">\r\n\t<svg width=\"14\" height=\"14\" viewBox=\"0 0 14 14\" fill=\"none\" xmlns=\"http:\/\/www.w3.org\/2000\/svg\">\r\n\t\t<path d=\"M10.6401 7.65428L5.83339 11.8543C5.64672 12.0098 5.43672 12.0798 5.20339 12.0643C4.97005 12.0487 4.77561 11.9632 4.62005 11.8076C4.4645 11.6521 4.38672 11.4498 4.38672 11.201V2.80095C4.38672 2.6454 4.43339 2.48984 4.52672 2.33428C4.62005 2.17873 4.7445 2.06984 4.90005 2.00762C5.05561 1.9454 5.21894 1.92206 5.39005 1.93762C5.56116 1.95317 5.70894 2.02317 5.83339 2.14762L10.6401 6.34762C10.8267 6.50317 10.9201 6.72095 10.9201 7.00095C10.9201 7.28095 10.8267 7.49873 10.6401 7.65428Z\" fill=\"#2E448D\"\/>\r\n\t<\/svg>\r\n\t<span> \u00daltima actualizaci\u00f3n<\/span>\r\n\t<svg width=\"28\" height=\"2\" viewBox=\"0 0 28 2\" fill=\"none\" xmlns=\"http:\/\/www.w3.org\/2000\/svg\">\r\n\t\t<rect y=\"0.505859\" width=\"28\" height=\"1\" fill=\"#0D1720\"\/>\r\n\t<\/svg>\r\n\t<span class=\"date-act\">14 de Octubre, 2024<\/span>\r\n<\/div>\r\n\r\n            <\/section>\r\n            <!-- FIN Section Actualizacion Bloque -->\n<h2 class=\"wp-block-heading\">2 Pol\u00edtica de Privacidad<\/h2>\n\n<h3 class=\"wp-block-heading\">DATOS IDENTIFICATIVOS<\/h3>\n\n<p>En cumplimiento con el deber de informaci\u00f3n recogido en art\u00edculo 10 de la Ley 34\/2002, de 11 de julio, de Servicios de la Sociedad de la Informaci\u00f3n y del Comercio Electr\u00f3nico, a continuaci\u00f3n se reflejan los siguientes datos: La empresa titular del presente dominio web es Grupo Integral Innovaci\u00f3n Tecnol\u00f3gica S.L. con domicilio a\u00a0estos efectos en calle frailes 22 18004 (Granada) n\u00famero de C.I.F.: B18957985\u00a0inscrita en el registro mercantil de Arandas 6 en Granada Tomo: 1418 Hoja: GR-39453 Libro: 0 INscrip: 1 Folio: 9\u00a0 \u00a0 \u00a0<\/p>\n\n<p>Correo electr\u00f3nico de contacto: info@giit.es\u00a0<\/p>\n\n<h3 class=\"wp-block-heading\">USUARIOS<\/h3>\n\n<p>El acceso y\/o uso de este portal o sitio web le atribuye la condici\u00f3n de USUARIO, que acepta, desde dicho acceso y\/o uso, las Condiciones Generales de Uso reflejadas en el presente aviso. Las Condiciones ser\u00e1n de aplicaci\u00f3n independientemente de las Condiciones Generales de Contrataci\u00f3n que en su caso resulten de obligado cumplimiento. En todo caso para cualquier fin especifico se pedir\u00e1 su consentimiento expreso.\u00a0<\/p>\n\n<h3 class=\"wp-block-heading\">USO DEL PORTAL<\/h3>\n\n<p>Nuestra web proporciona el acceso a informaciones, servicios, programas o datos (en adelante pasaremos a denominarlos como \u201clos contenidos\u201d) en Internet pertenecientes a\u00a0Grupo Integral Innovaci\u00f3n Tecnol\u00f3gica S.L\u00a0o a sus licenciantes a los que el USUARIO pueda tener acceso.<\/p>\n\n<p>El USUARIO\u00a0asume la responsabilidad del correcto uso del portal. Dicha responsabilidad se extiende al registro que fuese necesario para acceder a determinados servicios o contenidos. En dicho registro el USUARIO ser\u00e1 responsable de aportar informaci\u00f3n veraz y l\u00edcita sobre sus datos. Como consecuencia de este registro, al USUARIO se le puede proporcionar una contrase\u00f1a de la que ser\u00e1 responsable, comprometi\u00e9ndose a hacer un uso diligente, \u00e9tico y confidencial de la misma. El USUARIO se compromete a hacer un uso adecuado de los contenidos y servicios (como por ejemplo servicios de chat, foros de discusi\u00f3n o grupos de noticias) que se ofrece a trav\u00e9s de su portal y con car\u00e1cter enunciativo pero no limitativo, a no emplearlos para:\u00a0<\/p>\n\n<ul class=\"wp-block-list\">\n<li>Incurrir en actividades il\u00edcitas, ilegales o contrarias a la buena fe y al orden p\u00fablico;\u00a0<\/li>\n\n\n\n<li>Difundir contenidos o propaganda de car\u00e1cter racista, xen\u00f3fobo, pornogr\u00e1fico-ilegal, de apolog\u00eda del terrorismo o atentatorio contra los derechos humanos\u00a0<\/li>\n\n\n\n<li>Provocar da\u00f1os en los sistemas f\u00edsicos y l\u00f3gicos del propietario, de sus proveedores o de terceras personas, introducir o difundir en la red virus inform\u00e1ticos o cualesquiera otros sistemas f\u00edsicos o l\u00f3gicos que sean susceptibles de provocar los da\u00f1os anteriormente mencionados;\u00a0<\/li>\n\n\n\n<li>Intentar acceder y, en su caso, utilizar las cuentas de correo electr\u00f3nico de otros usuarios y modificar o manipular sus mensajes. El propietario del portal se reserva el derecho de retirar todos aquellos comentarios y aportaciones que vulneren el respeto a la dignidad de la persona, que sean discriminatorios, xen\u00f3fobos, racistas, pornogr\u00e1ficos, que atenten contra la juventud o la infancia, el orden o la seguridad p\u00fablica o que, a su juicio, no resultaran adecuados o convenientes para su publicaci\u00f3n. En cualquier caso, el propietario del portal no ser\u00e1 responsable de las opiniones vertidas por los usuarios a trav\u00e9s de los foros, chats, u otras herramientas de participaci\u00f3n.\u00a0<\/li>\n<\/ul>\n\n<h3 class=\"wp-block-heading\">PROTECCI\u00d3N DE DATOS<\/h3>\n\n<p>El uso de los datos personales est\u00e1 definida en base al Reglamento General de Protecci\u00f3n de datos y la normativa espa\u00f1ola vigente. Con el fin de conseguir la m\u00e1xima transparencia y en base a nuestra pol\u00edtica proactiva le informamos:<\/p>\n\n<p>\u00bfPor qu\u00e9 solicitamos sus datos? .Tratamos los datos personales de nuestros contactos, clientes y proveedores con la finalidad de gestionar la relaci\u00f3n comercial con nuestra organizaci\u00f3n y, en especial, los aspectos contractuales, el env\u00edo de informaci\u00f3n de nuestra organizaci\u00f3n y del sector, de la organizaci\u00f3n de actividades, campa\u00f1as o eventos y el env\u00edo de comunicaciones informativas y comerciales (incluyendo la v\u00eda electr\u00f3nica).<\/p>\n\n<p>\u00bfQu\u00e9 tipo de datos recabamos? Se guardan los datos b\u00e1sicos de identificaci\u00f3n y relaci\u00f3n para el env\u00edo de propuestas, informaci\u00f3n comercial, para crear facturas, como por ejemplo nombre, domicilio de env\u00edo, NIF\/CIF, n\u00famero de cuenta bancaria, si el cliente desea domiciliaci\u00f3n bancaria.<\/p>\n\n<p>\u00bfC\u00f3mo se recogen? podemos tener acceso a sus datos personales bien porque nos realice una consulta a trav\u00e9s de nuestro formulario de la p\u00e1gina web, bien porque entre a formar parte en un proceso de selecci\u00f3n de la empresa, o bien a trav\u00e9s de los formularios de alta y contrato como cliente o proveedor de nuestra empresa.\u2028ha adoptado medidas de protecci\u00f3n t\u00e9cnica y organizativa apropiadas y estas medidas se han aplicado a los datos personales afectados por la potencial violaci\u00f3n de la seguridad de los datos personales. No hay acceso a datos de los clientes \/ usuarios para personas que no est\u00e9n autorizadas a acceder a ellos. GIIT desactiva las cuentas de los clientes \/ usuarios que deciden darse de baja y que hayan ejercido su derecho a la supresi\u00f3n. En este caso, los datos del cliente \/ usuario quedar\u00e1n bloqueados y mantenidos por el tiempo requerido por normativa, exclusivamente para dar cuenta de las obligaciones legales que justifiquen la relaci\u00f3n pasada entre las partes.<\/p>\n\n<p>Uso compartido con terceros: . Los datos \u00fanicamente podr\u00e1n comunicarse a organizaciones terceras vinculadas con GIIT en el \u00e1mbito de la gesti\u00f3n de sus productos y\/o servicios para las mismas finalidades referidas anteriormente, as\u00ed como a las Administraciones P\u00fablicas competentes, cuando as\u00ed lo exija la normativa vigente.<\/p>\n\n<p>Los empleados de GIIT que disponen de derechos de acceso autorizado de acuerdo con la estructura de seguridad interna de GIIT pueden acceder a sus datos personales con los objetivos y finalidades descritas en esta Pol\u00edtica de Privacidad. Todos los empleados de GIIT han sido formados e informados de sus responsabilidades al respecto y firman el acuerdo de confidencialidad correspondiente. <\/p>\n\n<p>gualmente, pueden acceder a sus datos, organizaciones terceras cuya intervenci\u00f3n sea requerida y\/o necesaria para la gesti\u00f3n adecuada de la prestaci\u00f3n del servicio.<\/p>\n\n<p>Derechos: Tiene derecho a acceder a sus datos, rectificarlos, suprimirlos, limitarlos y oponerse a su tratamiento en cualquier momento, tambi\u00e9n puede retirar el consentimiento prestado y reclamar ante la autoridad de control ( Agencia Espa\u00f1ola de protecci\u00f3n de Datos c\/ Jorge Juan n\u00ba 6 28001 Madrid). Para el ejercicio de sus derechos dispone de un canal directo con nuestra empresa en el email info@giit.es y en la\u00a0direcci\u00f3n postal calle frailes 22 18004 (GRANADA) indicando en el asunto protecci\u00f3n de datos.\u00a0<\/p>\n\n<p>Privacidad en la navegaci\u00f3n:\u00a0<\/p>\n\n<p>El propietario del portal se toma la privacidad muy en serio, y se esfuerza por la transparencia en todos los aspectos relacionados con los datos personales. Si desea configurar las cookies adjuntamos los enlaces correspondientes a cada navegador.Rogamos consulte la pol\u00edtica de cookies de nuestra web para obtener m\u00e1s informaci\u00f3n. Puede encontrar m\u00e1s informaci\u00f3n sobre c\u00f3mo cambiar la configuraci\u00f3n de las cookies en el explorador que utiliza en la siguiente lista:\u00a0<\/p>\n\n<ul class=\"wp-block-list\">\n<li>https:\/\/www.google.com\/intl\/en\/policies\/technologies\/managing\/\u00a0<\/li>\n\n\n\n<li>http:\/\/support.mozilla.com\/en-GB\/kb\/Cookies#w_cookie-settings\u00a0<\/li>\n\n\n\n<li>http:\/\/windows.microsoft.com\/en-GB\/windows-vista\/Block-or-allow-cookies\u00a0<\/li>\n\n\n\n<li>http:\/\/www.apple.com\/safari\/features.html#security\u00a0<\/li>\n<\/ul>\n\n<p>Asimismo, Grupo Integral Innovaci\u00f3n Tecnol\u00f3gica S.L. informa que da cumplimiento a la Ley 34\/2002 de 11 de julio, de Servicios de la Sociedad de la Informaci\u00f3n y el Comercio Electr\u00f3nico y le solicitar\u00e1 su consentimiento al tratamiento de su correo electr\u00f3nico con fines comerciales en cada momento.\u00a0<\/p>\n\n<h3 class=\"wp-block-heading\">PROPIEDAD INTELECTUAL E INDUSTRIAL<\/h3>\n\n<p>El propietario por s\u00ed o como cesionaria, es titular de todos los derechos de propiedad intelectual e industrial de su p\u00e1gina web, as\u00ed como de los elementos contenidos en la misma (a t\u00edtulo enunciativo, im\u00e1genes, sonido, audio, v\u00eddeo, software o textos; marcas o logotipos, combinaciones de colores, estructura y dise\u00f1o, selecci\u00f3n de materiales usados, programas de ordenador necesarios para su funcionamiento, acceso y uso, etc.).\u00a0<\/p>\n\n<p>Todos los derechos reservados. En virtud de lo dispuesto en los art\u00edculos 8 y 32.1, p\u00e1rrafo segundo, de la Ley de Propiedad Intelectual, quedan expresamente prohibidas la reproducci\u00f3n, la distribuci\u00f3n y la comunicaci\u00f3n p\u00fablica, incluida su modalidad de puesta a disposici\u00f3n, de la totalidad o parte de los contenidos de esta p\u00e1gina web, con fines comerciales, en cualquier soporte y por cualquier medio t\u00e9cnico, sin la autorizaci\u00f3n de\u00a0 Grupo Integral Innovaci\u00f3n Tecnol\u00f3gica S.L.\u00a0<\/p>\n\n<p>El USUARIO se compromete a respetar los derechos de Propiedad Intelectual e Industrial titularidad de Grupo Integral Innovaci\u00f3n Tecnol\u00f3gica S.L. Podr\u00e1 visualizar los elementos del portal e incluso imprimirlos, copiarlos y almacenarlos en el disco duro de su ordenador o en cualquier otro soporte f\u00edsico siempre y cuando sea, \u00fanica y exclusivamente, para su uso personal y privado. El USUARIO deber\u00e1 abstenerse de suprimir, alterar, eludir o manipular cualquier dispositivo de protecci\u00f3n o sistema de seguridad que estuviera instalado en el las p\u00e1ginas de Grupo Integral Innovaci\u00f3n Tecnol\u00f3gica S.L.\u00a0<\/p>\n\n<h3 class=\"wp-block-heading\">EXCLUSI\u00d3N DE GARANT\u00cdAS Y RESPONSABILIDAD\u00a0<\/h3>\n\n<p>Grupo Integral Innovaci\u00f3n Tecnol\u00f3gica SL no se hace responsable, en ning\u00fan caso, de los da\u00f1os y perjuicios de cualquier naturaleza que pudieran ocasionar, a t\u00edtulo enunciativo: errores u omisiones en los contenidos, falta de disponibilidad del portal o la transmisi\u00f3n de virus o programas maliciosos o lesivos en los contenidos, a pesar de haber adoptado todas las medidas tecnol\u00f3gicas necesarias para evitarlo.\u00a0<\/p>\n\n<h3 class=\"wp-block-heading\">MODIFICACIONES\u00a0<\/h3>\n\n<p>Grupo Integral Innovaci\u00f3n Tecnol\u00f3gica S.L se reserva el derecho de efectuar sin previo aviso las modificaciones\u00a0que considere oportunas en su portal, pudiendo cambiar, suprimir o a\u00f1adir tanto los contenidos y servicios que se presten a trav\u00e9s de la misma como la forma en la que \u00e9stos aparezcan presentados o localizados en su portal.\u00a0<\/p>\n\n<h3 class=\"wp-block-heading\">ENLACES\u00a0<\/h3>\n\n<p>En el caso de que en Grupo Integral Innovaci\u00f3n Tecnol\u00f3gica S.L se dispusiesen enlaces o hiperv\u00ednculos hac\u00eda otros sitios de Internet, no ejercer\u00e1 ning\u00fan tipo de control sobre dichos sitios y contenidos. En ning\u00fan caso\u00a0 Grupo Integral Innovaci\u00f3n Tecnol\u00f3gica S.L asumir\u00e1 responsabilidad alguna por los contenidos de alg\u00fan enlace perteneciente a un sitio web ajeno, ni garantizar\u00e1 la disponibilidad t\u00e9cnica, calidad, fiabilidad, exactitud, amplitud, veracidad, validez y constitucionalidad de cualquier material o informaci\u00f3n contenida en ninguno de dichos hiperv\u00ednculos u otros sitios de Internet. En caso de usar los enlaces rogamos que acceda a la pol\u00edtica de privacidad y aviso legal de la p\u00e1gina visitada. Igualmente la inclusi\u00f3n de estas conexiones externas no implicar\u00e1 ning\u00fan tipo de asociaci\u00f3n, fusi\u00f3n o participaci\u00f3n con las entidades conectadas.\u00a0<\/p>\n\n<h3 class=\"wp-block-heading\">DERECHO DE EXCLUSI\u00d3N\u00a0<\/h3>\n\n<p>Grupo Integral Innovaci\u00f3n Tecnol\u00f3gica S.L se reserva el derecho a denegar o retirar el acceso a portal y\/o los servicios ofrecidos sin necesidad de preaviso, a instancia propia o de un tercero, a aquellos usuarios que incumplan las presentes Condiciones Generales de Uso.\u00a0<\/p>\n\n<h3 class=\"wp-block-heading\">GENERALIDADES\u00a0<\/h3>\n\n<p>Se perseguir\u00e1 el incumplimiento de las presentes condiciones as\u00ed como cualquier utilizaci\u00f3n indebida de su portal ejerciendo todas las acciones civiles y penales que le puedan corresponder en derecho.\u00a0<\/p>\n\n<h3 class=\"wp-block-heading\">MODIFICACI\u00d3N DE LAS PRESENTES CONDICIONES Y DURACI\u00d3N\u00a0<\/h3>\n\n<p>\u00a0podr\u00e1 modificar en cualquier momento las condiciones aqu\u00ed determinadas, siendo debidamente publicadas como aqu\u00ed aparecen. La vigencia de las citadas condiciones ir\u00e1 en funci\u00f3n de su exposici\u00f3n y estar\u00e1n vigentes hasta debidamente publicadas. que sean modificadas por otras.\u00a0<\/p>\n\n<h3 class=\"wp-block-heading\">LEGISLACI\u00d3N APLICABLE Y JURISDICCI\u00d3N\u00a0<\/h3>\n\n<p>La relaci\u00f3n entre\u00a0Grupo Integral Innovaci\u00f3n Tecnol\u00f3gica S.L y el USUARIO se regir\u00e1 por la normativa espa\u00f1ola vigente y cualquier controversia se someter\u00e1 a la autoridad pertinente.\u00a0<\/p>\n","protected":false},"excerpt":{"rendered":"<p>2 Pol\u00edtica de Privacidad DATOS IDENTIFICATIVOS En cumplimiento con el deber de informaci\u00f3n recogido en art\u00edculo 10 de la Ley 34\/2002, de 11 de julio, de Servicios de la Sociedad de la Informaci\u00f3n y del Comercio Electr\u00f3nico, a continuaci\u00f3n se reflejan los siguientes datos: La empresa titular del presente dominio web es Grupo Integral Innovaci\u00f3n [&hellip;]<\/p>\n","protected":false},"author":1,"featured_media":425,"parent":0,"menu_order":0,"comment_status":"closed","ping_status":"closed","template":"page-textoslegales","meta":{"_acf_changed":false,"inline_featured_image":false,"footnotes":""},"class_list":["post-1154","page","type-page","status-publish","has-post-thumbnail","hentry"],"acf":[],"yoast_head":"<!-- This site is optimized with the Yoast SEO plugin v25.4 - https:\/\/yoast.com\/wordpress\/plugins\/seo\/ -->\n<title>Politica sulla Privacy - Giit<\/title>\n<meta name=\"robots\" content=\"index, follow, max-snippet:-1, max-image-preview:large, max-video-preview:-1\" \/>\n<link rel=\"canonical\" href=\"https:\/\/giit.es\/aviso-legal\/\" \/>\n<meta property=\"og:locale\" content=\"it_IT\" \/>\n<meta property=\"og:type\" content=\"article\" \/>\n<meta property=\"og:title\" content=\"Politica sulla Privacy - Giit\" \/>\n<meta property=\"og:description\" content=\"2 Pol\u00edtica de Privacidad DATOS IDENTIFICATIVOS En cumplimiento con el deber de informaci\u00f3n recogido en art\u00edculo 10 de la Ley 34\/2002, de 11 de julio, de Servicios de la Sociedad de la Informaci\u00f3n y del Comercio Electr\u00f3nico, a continuaci\u00f3n se reflejan los siguientes datos: La empresa titular del presente dominio web es Grupo Integral Innovaci\u00f3n [&hellip;]\" \/>\n<meta property=\"og:url\" content=\"https:\/\/giit.es\/aviso-legal\/\" \/>\n<meta property=\"og:site_name\" content=\"Giit\" \/>\n<meta property=\"article:modified_time\" content=\"2025-04-02T16:54:03+00:00\" \/>\n<meta property=\"og:image\" content=\"https:\/\/giit.es\/wp-content\/uploads\/2025\/03\/Enmascarar-grupo-44-1.jpg\" \/>\n\t<meta property=\"og:image:width\" content=\"1920\" \/>\n\t<meta property=\"og:image:height\" content=\"648\" \/>\n\t<meta property=\"og:image:type\" content=\"image\/jpeg\" \/>\n<meta name=\"twitter:card\" content=\"summary_large_image\" \/>\n<meta name=\"twitter:label1\" content=\"Tempo di lettura stimato\" \/>\n\t<meta name=\"twitter:data1\" content=\"10 minuti\" \/>\n<script type=\"application\/ld+json\" class=\"yoast-schema-graph\">{\"@context\":\"https:\/\/schema.org\",\"@graph\":[{\"@type\":\"WebPage\",\"@id\":\"https:\/\/giit.es\/aviso-legal\/\",\"url\":\"https:\/\/giit.es\/aviso-legal\/\",\"name\":\"Politica sulla Privacy - Giit\",\"isPartOf\":{\"@id\":\"https:\/\/giit.es\/#website\"},\"primaryImageOfPage\":{\"@id\":\"https:\/\/giit.es\/aviso-legal\/#primaryimage\"},\"image\":{\"@id\":\"https:\/\/giit.es\/aviso-legal\/#primaryimage\"},\"thumbnailUrl\":\"https:\/\/giit.es\/wp-content\/uploads\/2025\/03\/Enmascarar-grupo-44-1.jpg\",\"datePublished\":\"2025-03-04T11:42:19+00:00\",\"dateModified\":\"2025-04-02T16:54:03+00:00\",\"breadcrumb\":{\"@id\":\"https:\/\/giit.es\/aviso-legal\/#breadcrumb\"},\"inLanguage\":\"it-IT\",\"potentialAction\":[{\"@type\":\"ReadAction\",\"target\":[\"https:\/\/giit.es\/aviso-legal\/\"]}]},{\"@type\":\"ImageObject\",\"inLanguage\":\"it-IT\",\"@id\":\"https:\/\/giit.es\/aviso-legal\/#primaryimage\",\"url\":\"https:\/\/giit.es\/wp-content\/uploads\/2025\/03\/Enmascarar-grupo-44-1.jpg\",\"contentUrl\":\"https:\/\/giit.es\/wp-content\/uploads\/2025\/03\/Enmascarar-grupo-44-1.jpg\",\"width\":1920,\"height\":648},{\"@type\":\"BreadcrumbList\",\"@id\":\"https:\/\/giit.es\/aviso-legal\/#breadcrumb\",\"itemListElement\":[{\"@type\":\"ListItem\",\"position\":1,\"name\":\"Casa\",\"item\":\"https:\/\/giit.es\/it\/\"},{\"@type\":\"ListItem\",\"position\":2,\"name\":\"Politica sulla Privacy\"}]},{\"@type\":\"WebSite\",\"@id\":\"https:\/\/giit.es\/#website\",\"url\":\"https:\/\/giit.es\/\",\"name\":\"Giit\",\"description\":\"Tu vigilancia y\\u2028seguridad profesional\\u2028homologada\",\"potentialAction\":[{\"@type\":\"SearchAction\",\"target\":{\"@type\":\"EntryPoint\",\"urlTemplate\":\"https:\/\/giit.es\/?s={search_term_string}\"},\"query-input\":{\"@type\":\"PropertyValueSpecification\",\"valueRequired\":true,\"valueName\":\"search_term_string\"}}],\"inLanguage\":\"it-IT\"}]}<\/script>\n<!-- \/ Yoast SEO plugin. -->","yoast_head_json":{"title":"Politica sulla Privacy - Giit","robots":{"index":"index","follow":"follow","max-snippet":"max-snippet:-1","max-image-preview":"max-image-preview:large","max-video-preview":"max-video-preview:-1"},"canonical":"https:\/\/giit.es\/aviso-legal\/","og_locale":"it_IT","og_type":"article","og_title":"Politica sulla Privacy - Giit","og_description":"2 Pol\u00edtica de Privacidad DATOS IDENTIFICATIVOS En cumplimiento con el deber de informaci\u00f3n recogido en art\u00edculo 10 de la Ley 34\/2002, de 11 de julio, de Servicios de la Sociedad de la Informaci\u00f3n y del Comercio Electr\u00f3nico, a continuaci\u00f3n se reflejan los siguientes datos: La empresa titular del presente dominio web es Grupo Integral Innovaci\u00f3n [&hellip;]","og_url":"https:\/\/giit.es\/aviso-legal\/","og_site_name":"Giit","article_modified_time":"2025-04-02T16:54:03+00:00","og_image":[{"width":1920,"height":648,"url":"https:\/\/giit.es\/wp-content\/uploads\/2025\/03\/Enmascarar-grupo-44-1.jpg","type":"image\/jpeg"}],"twitter_card":"summary_large_image","twitter_misc":{"Tempo di lettura stimato":"10 minuti"},"schema":{"@context":"https:\/\/schema.org","@graph":[{"@type":"WebPage","@id":"https:\/\/giit.es\/aviso-legal\/","url":"https:\/\/giit.es\/aviso-legal\/","name":"Politica sulla Privacy - Giit","isPartOf":{"@id":"https:\/\/giit.es\/#website"},"primaryImageOfPage":{"@id":"https:\/\/giit.es\/aviso-legal\/#primaryimage"},"image":{"@id":"https:\/\/giit.es\/aviso-legal\/#primaryimage"},"thumbnailUrl":"https:\/\/giit.es\/wp-content\/uploads\/2025\/03\/Enmascarar-grupo-44-1.jpg","datePublished":"2025-03-04T11:42:19+00:00","dateModified":"2025-04-02T16:54:03+00:00","breadcrumb":{"@id":"https:\/\/giit.es\/aviso-legal\/#breadcrumb"},"inLanguage":"it-IT","potentialAction":[{"@type":"ReadAction","target":["https:\/\/giit.es\/aviso-legal\/"]}]},{"@type":"ImageObject","inLanguage":"it-IT","@id":"https:\/\/giit.es\/aviso-legal\/#primaryimage","url":"https:\/\/giit.es\/wp-content\/uploads\/2025\/03\/Enmascarar-grupo-44-1.jpg","contentUrl":"https:\/\/giit.es\/wp-content\/uploads\/2025\/03\/Enmascarar-grupo-44-1.jpg","width":1920,"height":648},{"@type":"BreadcrumbList","@id":"https:\/\/giit.es\/aviso-legal\/#breadcrumb","itemListElement":[{"@type":"ListItem","position":1,"name":"Casa","item":"https:\/\/giit.es\/it\/"},{"@type":"ListItem","position":2,"name":"Politica sulla Privacy"}]},{"@type":"WebSite","@id":"https:\/\/giit.es\/#website","url":"https:\/\/giit.es\/","name":"Giit","description":"Tu vigilancia y\u2028seguridad profesional\u2028homologada","potentialAction":[{"@type":"SearchAction","target":{"@type":"EntryPoint","urlTemplate":"https:\/\/giit.es\/?s={search_term_string}"},"query-input":{"@type":"PropertyValueSpecification","valueRequired":true,"valueName":"search_term_string"}}],"inLanguage":"it-IT"}]}},"_links":{"self":[{"href":"https:\/\/giit.es\/it\/wp-json\/wp\/v2\/pages\/1154","targetHints":{"allow":["GET"]}}],"collection":[{"href":"https:\/\/giit.es\/it\/wp-json\/wp\/v2\/pages"}],"about":[{"href":"https:\/\/giit.es\/it\/wp-json\/wp\/v2\/types\/page"}],"author":[{"embeddable":true,"href":"https:\/\/giit.es\/it\/wp-json\/wp\/v2\/users\/1"}],"replies":[{"embeddable":true,"href":"https:\/\/giit.es\/it\/wp-json\/wp\/v2\/comments?post=1154"}],"version-history":[{"count":4,"href":"https:\/\/giit.es\/it\/wp-json\/wp\/v2\/pages\/1154\/revisions"}],"predecessor-version":[{"id":1213,"href":"https:\/\/giit.es\/it\/wp-json\/wp\/v2\/pages\/1154\/revisions\/1213"}],"wp:featuredmedia":[{"embeddable":true,"href":"https:\/\/giit.es\/it\/wp-json\/wp\/v2\/media\/425"}],"wp:attachment":[{"href":"https:\/\/giit.es\/it\/wp-json\/wp\/v2\/media?parent=1154"}],"curies":[{"name":"wp","href":"https:\/\/api.w.org\/{rel}","templated":true}]}}