{"id":1124,"date":"2025-03-18T19:56:32","date_gmt":"2025-03-18T19:56:32","guid":{"rendered":"https:\/\/giit.es\/politica-de-empresa\/"},"modified":"2025-04-02T16:52:03","modified_gmt":"2025-04-02T16:52:03","slug":"politica-de-empresa","status":"publish","type":"page","link":"https:\/\/giit.es\/en\/politica-de-empresa\/","title":{"rendered":"Company Policy"},"content":{"rendered":"<!-- Section Actualizacion Bloque -->\r\n            <section id=\"block-section-actualizacion\" class=\"section-actualizacion\">\r\n                \r\n\r\n<div class=\"Actualizacion\">\r\n\t<svg width=\"14\" height=\"14\" viewBox=\"0 0 14 14\" fill=\"none\" xmlns=\"http:\/\/www.w3.org\/2000\/svg\">\r\n\t\t<path d=\"M10.6401 7.65428L5.83339 11.8543C5.64672 12.0098 5.43672 12.0798 5.20339 12.0643C4.97005 12.0487 4.77561 11.9632 4.62005 11.8076C4.4645 11.6521 4.38672 11.4498 4.38672 11.201V2.80095C4.38672 2.6454 4.43339 2.48984 4.52672 2.33428C4.62005 2.17873 4.7445 2.06984 4.90005 2.00762C5.05561 1.9454 5.21894 1.92206 5.39005 1.93762C5.56116 1.95317 5.70894 2.02317 5.83339 2.14762L10.6401 6.34762C10.8267 6.50317 10.9201 6.72095 10.9201 7.00095C10.9201 7.28095 10.8267 7.49873 10.6401 7.65428Z\" fill=\"#2E448D\"\/>\r\n\t<\/svg>\r\n\t<span> \u00daltima actualizaci\u00f3n<\/span>\r\n\t<svg width=\"28\" height=\"2\" viewBox=\"0 0 28 2\" fill=\"none\" xmlns=\"http:\/\/www.w3.org\/2000\/svg\">\r\n\t\t<rect y=\"0.505859\" width=\"28\" height=\"1\" fill=\"#0D1720\"\/>\r\n\t<\/svg>\r\n\t<span class=\"date-act\">14 de Octubre, 2024<\/span>\r\n<\/div>\r\n\r\n            <\/section>\r\n            <!-- FIN Section Actualizacion Bloque -->\n<h2 class=\"wp-block-heading\">1 Pol\u00edtica de Empresa<\/h2>\n\n<p>Grupo Integral de Innovaci\u00f3n Tecnol\u00f3gica S.L.\u00a0es una organizaci\u00f3n dedicada al\u00a0Dise\u00f1o, Montaje y Mantenimiento de:<\/p>\n\n<ul class=\"wp-block-list\">\n<li>Protecci\u00f3n Contra Incendios (Sistemas de detecci\u00f3n y alarma de incendios, Sistemas de abastecimiento de agua contra incendios, Sistemas de hidrantes contra incendios, Extintores de incendios, Sistemas de bocas de incendios equipadas, Sistemas de columna seca, Sistemas fijos de extinci\u00f3n por rociadores autom\u00e1ticos y agua pulverizada, Sistemas fijos de extinci\u00f3n por agua nebulizada, Sistemas fijos de extinci\u00f3n por espuma f\u00edsica, Sistemas fijos de extinci\u00f3n por agentes extintores gaseosos, Sistemas fijos de extinci\u00f3n por aerosoles condensados, y Mantas ignifugas).<\/li>\n\n\n\n<li>Circuitos Cerrados de Televisi\u00f3n CCTV<\/li>\n\n\n\n<li>Sistemas Anti intrusi\u00f3n SES<\/li>\n\n\n\n<li>Sistemas de Tele Gesti\u00f3n<\/li>\n\n\n\n<li>Sistemas para la Eficiencia Energ\u00e9tica<\/li>\n<\/ul>\n\n<p>Constituida el 24 de febrero del 2011\u00a0e inscrita en el Registro Mercantil de Granada n\u00ba4 Tomo 1418, Libro 0, Folio 9, Hoja GR-39453 Inscripci\u00f3n 1. Homologada por el Ministerio del Interior en Julio de 2.012 e inscrita en el\u00a0Registro de Empresas de Seguridad\u00a0con el n\u00famero\u00a03870, estando autorizada para la\u00a0\u201cInstalaci\u00f3n y mantenimiento de aparatos, dispositivos y sistemas de seguridad conectados a centrales receptoras de alarma\u201d\u00a0y Homologada por la Direcci\u00f3n General de Industria, Energ\u00eda y Minas e inscrita en el Registro de Empresas de\u00a0Instaladora de Protecci\u00f3n Contra Incendios\u00a0y empresa\u00a0Mantenedora de Protecci\u00f3n Contra Incendios\u00a0para \u201cProyectos, Estudios, Instalaci\u00f3n y Mantenimiento de equipos y Sistemas de Protecci\u00f3n Contra Incendios\u201d\u00a0\u00a0<\/p>\n\n<p>GIIT se\u00a0compromete\u00a0a:<\/p>\n\n<ul class=\"wp-block-list\">\n<li>Incrementar el n\u00famero de nuestros clientes en base a la mejora de su Satisfacci\u00f3n con nuestros trabajos.<\/li>\n\n\n\n<li>Prevenir la contaminaci\u00f3n, fomentar el Reciclaje y el eco-dise\u00f1o, y la mejora de la Eficiencia Energ\u00e9tica.<\/li>\n\n\n\n<li>Priorizar la protecci\u00f3n de la seguridad y salud de nuestros trabajadores y de aquellos que act\u00faen en nuestro nombre, eliminando peligros, reduciendo riesgos,\u00a0previniendo los\u00a0da\u00f1os y vigilando su salud.<\/li>\n\n\n\n<li>Informar\u00a0sobre los\u00a0impactos ambientales\u00a0que consideramos\u00a0significativos\u00a0a quien as\u00ed lo solicite.<\/li>\n\n\n\n<li>Cumplir y hacer cumplir\u00a0los\u00a0requisitos legales, reglamentarios, normativos y cualquier otro\u00a0que nos sean de aplicaci\u00f3n.<\/li>\n\n\n\n<li>Aplicar\u00a0cualquier\u00a0otro tipo de requisitos\u00a0que suponga\u00a0mejorar\u00a0el nivel de Calidad, Ambiental, la Seguridad y Salud en el Trabajo y Eficiencia Energ\u00e9tica de\u00a0nuestros servicios.<\/li>\n\n\n\n<li>Estar a la\u00a0vanguardia\u00a0en la\u00a0innovaci\u00f3n\u00a0de las instalaciones Dise\u00f1adas, Ejecutadas y Mantenidas, y en cada recurso t\u00e9cnico y humano necesario para su aplicaci\u00f3n.<\/li>\n\n\n\n<li>Establecer\u00a0los mecanismos necesarios para la\u00a0participaci\u00f3n activa\u00a0y responsable de todo el personal en este principio de mejora continua, haci\u00e9ndoles ver que todas sus sugerencias ser\u00e1n atendidas y tenidas en cuenta para conseguir que su trabajo sea m\u00e1s eficaz, seguro, saludable y satisfactorio.<\/li>\n\n\n\n<li>Asesoramos y formamos a nuestro personal, clientes y proveedores\u00a0en la mejora de nuestros trabajos, del Medio Ambiente, de la Seguridad y Salud Laboral y en el uso eficiente de la Energ\u00eda.<\/li>\n\n\n\n<li>Proporcionar\u00a0la\u00a0informaci\u00f3n, recursos humanos y t\u00e9cnicos\u00a0a los\u00a0Programas de Gesti\u00f3n, Objetivos y Metas\u00a0establecidos de forma que nos permita\u00a0evaluar peri\u00f3dicamente\u00a0la\u00a0eficacia y eficiencia\u00a0de nuestros\u00a0procesos y servicios.\u00a0<\/li>\n<\/ul>\n\n<p>Con el fin de garantizar el \u00f3ptimo funcionamiento del\u00a0Sistema de Integrado de Gesti\u00f3n\u00a0y asegurar la disponibilidad de recursos para el funcionamiento efectivo de los procesos, se ha decidido delegar en el\u00a0Responsable del Sistema, como representante de la Direcci\u00f3n, la autoridad y libertad suficientes para\u00a0asegurar\u00a0que el\u00a0Sistema Integrado est\u00e1 establecido y desarrollado, as\u00ed como para detectar los problemas y recomendar e iniciar soluciones a los mismos.<\/p>\n\n<p>Esta Pol\u00edtica ser\u00e1 difundida\u00a0por el Responsable del Sistema al\u00a0personal\u00a0involucrado en la prestaci\u00f3n de los servicios, para que una vez entendida, sea\u00a0aplicada y mantenida\u00a0al d\u00eda en todos los niveles de la organizaci\u00f3n. Adem\u00e1s, se encontrar\u00e1\u00a0expuesta\u00a0en los\u00a0tableros informativos\u00a0y aparecer\u00e1 en la\u00a0p\u00e1gina web\u00a0de la empresa como muestra de compromiso con nuestros clientes, proveedores y la sociedad en general.<\/p>\n\n<p>La\u00a0Direcci\u00f3n se compromete\u00a0a\u00a0revisar peri\u00f3dicamente\u00a0esta\u00a0Pol\u00edtica\u00a0en las Revisiones del Sistema, para as\u00ed\u00a0adecuar\u00a0los\u00a0objetivos a la naturaleza, magnitud de los Impactos Ambientales generados, a la naturaleza y magnitud de los riesgos laborales, a los criterios de satisfacci\u00f3n de los clientes y a la mejora continua\u00a0de los Procesos de Prestaci\u00f3n de Servicios y de Gesti\u00f3n del Sistema Integrado.<\/p>\n","protected":false},"excerpt":{"rendered":"<p>1 Pol\u00edtica de Empresa Grupo Integral de Innovaci\u00f3n Tecnol\u00f3gica S.L.\u00a0es una organizaci\u00f3n dedicada al\u00a0Dise\u00f1o, Montaje y Mantenimiento de: Constituida el 24 de febrero del 2011\u00a0e inscrita en el Registro Mercantil de Granada n\u00ba4 Tomo 1418, Libro 0, Folio 9, Hoja GR-39453 Inscripci\u00f3n 1. Homologada por el Ministerio del Interior en Julio de 2.012 e inscrita [&hellip;]<\/p>\n","protected":false},"author":1,"featured_media":425,"parent":0,"menu_order":0,"comment_status":"closed","ping_status":"closed","template":"wp-custom-template-textos-legales","meta":{"_acf_changed":false,"inline_featured_image":false,"footnotes":""},"class_list":["post-1124","page","type-page","status-publish","has-post-thumbnail","hentry"],"acf":[],"yoast_head":"<!-- This site is optimized with the Yoast SEO plugin v25.4 - https:\/\/yoast.com\/wordpress\/plugins\/seo\/ -->\n<title>Company Policy - Giit<\/title>\n<meta name=\"robots\" content=\"index, follow, max-snippet:-1, max-image-preview:large, max-video-preview:-1\" \/>\n<link rel=\"canonical\" href=\"https:\/\/giit.es\/en\/politica-de-empresa\/\" \/>\n<meta property=\"og:locale\" content=\"en_US\" \/>\n<meta property=\"og:type\" content=\"article\" \/>\n<meta property=\"og:title\" content=\"Company Policy - Giit\" \/>\n<meta property=\"og:description\" content=\"1 Pol\u00edtica de Empresa Grupo Integral de Innovaci\u00f3n Tecnol\u00f3gica S.L.\u00a0es una organizaci\u00f3n dedicada al\u00a0Dise\u00f1o, Montaje y Mantenimiento de: Constituida el 24 de febrero del 2011\u00a0e inscrita en el Registro Mercantil de Granada n\u00ba4 Tomo 1418, Libro 0, Folio 9, Hoja GR-39453 Inscripci\u00f3n 1. Homologada por el Ministerio del Interior en Julio de 2.012 e inscrita [&hellip;]\" \/>\n<meta property=\"og:url\" content=\"https:\/\/giit.es\/en\/politica-de-empresa\/\" \/>\n<meta property=\"og:site_name\" content=\"Giit\" \/>\n<meta property=\"article:modified_time\" content=\"2025-04-02T16:52:03+00:00\" \/>\n<meta property=\"og:image\" content=\"https:\/\/giit.es\/wp-content\/uploads\/2025\/03\/Enmascarar-grupo-44-1.jpg\" \/>\n\t<meta property=\"og:image:width\" content=\"1920\" \/>\n\t<meta property=\"og:image:height\" content=\"648\" \/>\n\t<meta property=\"og:image:type\" content=\"image\/jpeg\" \/>\n<meta name=\"twitter:card\" content=\"summary_large_image\" \/>\n<meta name=\"twitter:label1\" content=\"Est. reading time\" \/>\n\t<meta name=\"twitter:data1\" content=\"4 minutes\" \/>\n<script type=\"application\/ld+json\" class=\"yoast-schema-graph\">{\"@context\":\"https:\/\/schema.org\",\"@graph\":[{\"@type\":\"WebPage\",\"@id\":\"https:\/\/giit.es\/en\/politica-de-empresa\/\",\"url\":\"https:\/\/giit.es\/en\/politica-de-empresa\/\",\"name\":\"Company Policy - Giit\",\"isPartOf\":{\"@id\":\"https:\/\/giit.es\/#website\"},\"primaryImageOfPage\":{\"@id\":\"https:\/\/giit.es\/en\/politica-de-empresa\/#primaryimage\"},\"image\":{\"@id\":\"https:\/\/giit.es\/en\/politica-de-empresa\/#primaryimage\"},\"thumbnailUrl\":\"https:\/\/giit.es\/wp-content\/uploads\/2025\/03\/Enmascarar-grupo-44-1.jpg\",\"datePublished\":\"2025-03-18T19:56:32+00:00\",\"dateModified\":\"2025-04-02T16:52:03+00:00\",\"breadcrumb\":{\"@id\":\"https:\/\/giit.es\/en\/politica-de-empresa\/#breadcrumb\"},\"inLanguage\":\"en-US\",\"potentialAction\":[{\"@type\":\"ReadAction\",\"target\":[\"https:\/\/giit.es\/en\/politica-de-empresa\/\"]}]},{\"@type\":\"ImageObject\",\"inLanguage\":\"en-US\",\"@id\":\"https:\/\/giit.es\/en\/politica-de-empresa\/#primaryimage\",\"url\":\"https:\/\/giit.es\/wp-content\/uploads\/2025\/03\/Enmascarar-grupo-44-1.jpg\",\"contentUrl\":\"https:\/\/giit.es\/wp-content\/uploads\/2025\/03\/Enmascarar-grupo-44-1.jpg\",\"width\":1920,\"height\":648},{\"@type\":\"BreadcrumbList\",\"@id\":\"https:\/\/giit.es\/en\/politica-de-empresa\/#breadcrumb\",\"itemListElement\":[{\"@type\":\"ListItem\",\"position\":1,\"name\":\"Home\",\"item\":\"https:\/\/giit.es\/en\/\"},{\"@type\":\"ListItem\",\"position\":2,\"name\":\"Company Policy\"}]},{\"@type\":\"WebSite\",\"@id\":\"https:\/\/giit.es\/#website\",\"url\":\"https:\/\/giit.es\/\",\"name\":\"Giit\",\"description\":\"Tu vigilancia y\\u2028seguridad profesional\\u2028homologada\",\"potentialAction\":[{\"@type\":\"SearchAction\",\"target\":{\"@type\":\"EntryPoint\",\"urlTemplate\":\"https:\/\/giit.es\/?s={search_term_string}\"},\"query-input\":{\"@type\":\"PropertyValueSpecification\",\"valueRequired\":true,\"valueName\":\"search_term_string\"}}],\"inLanguage\":\"en-US\"}]}<\/script>\n<!-- \/ Yoast SEO plugin. -->","yoast_head_json":{"title":"Company Policy - Giit","robots":{"index":"index","follow":"follow","max-snippet":"max-snippet:-1","max-image-preview":"max-image-preview:large","max-video-preview":"max-video-preview:-1"},"canonical":"https:\/\/giit.es\/en\/politica-de-empresa\/","og_locale":"en_US","og_type":"article","og_title":"Company Policy - Giit","og_description":"1 Pol\u00edtica de Empresa Grupo Integral de Innovaci\u00f3n Tecnol\u00f3gica S.L.\u00a0es una organizaci\u00f3n dedicada al\u00a0Dise\u00f1o, Montaje y Mantenimiento de: Constituida el 24 de febrero del 2011\u00a0e inscrita en el Registro Mercantil de Granada n\u00ba4 Tomo 1418, Libro 0, Folio 9, Hoja GR-39453 Inscripci\u00f3n 1. Homologada por el Ministerio del Interior en Julio de 2.012 e inscrita [&hellip;]","og_url":"https:\/\/giit.es\/en\/politica-de-empresa\/","og_site_name":"Giit","article_modified_time":"2025-04-02T16:52:03+00:00","og_image":[{"width":1920,"height":648,"url":"https:\/\/giit.es\/wp-content\/uploads\/2025\/03\/Enmascarar-grupo-44-1.jpg","type":"image\/jpeg"}],"twitter_card":"summary_large_image","twitter_misc":{"Est. reading time":"4 minutes"},"schema":{"@context":"https:\/\/schema.org","@graph":[{"@type":"WebPage","@id":"https:\/\/giit.es\/en\/politica-de-empresa\/","url":"https:\/\/giit.es\/en\/politica-de-empresa\/","name":"Company Policy - Giit","isPartOf":{"@id":"https:\/\/giit.es\/#website"},"primaryImageOfPage":{"@id":"https:\/\/giit.es\/en\/politica-de-empresa\/#primaryimage"},"image":{"@id":"https:\/\/giit.es\/en\/politica-de-empresa\/#primaryimage"},"thumbnailUrl":"https:\/\/giit.es\/wp-content\/uploads\/2025\/03\/Enmascarar-grupo-44-1.jpg","datePublished":"2025-03-18T19:56:32+00:00","dateModified":"2025-04-02T16:52:03+00:00","breadcrumb":{"@id":"https:\/\/giit.es\/en\/politica-de-empresa\/#breadcrumb"},"inLanguage":"en-US","potentialAction":[{"@type":"ReadAction","target":["https:\/\/giit.es\/en\/politica-de-empresa\/"]}]},{"@type":"ImageObject","inLanguage":"en-US","@id":"https:\/\/giit.es\/en\/politica-de-empresa\/#primaryimage","url":"https:\/\/giit.es\/wp-content\/uploads\/2025\/03\/Enmascarar-grupo-44-1.jpg","contentUrl":"https:\/\/giit.es\/wp-content\/uploads\/2025\/03\/Enmascarar-grupo-44-1.jpg","width":1920,"height":648},{"@type":"BreadcrumbList","@id":"https:\/\/giit.es\/en\/politica-de-empresa\/#breadcrumb","itemListElement":[{"@type":"ListItem","position":1,"name":"Home","item":"https:\/\/giit.es\/en\/"},{"@type":"ListItem","position":2,"name":"Company Policy"}]},{"@type":"WebSite","@id":"https:\/\/giit.es\/#website","url":"https:\/\/giit.es\/","name":"Giit","description":"Tu vigilancia y\u2028seguridad profesional\u2028homologada","potentialAction":[{"@type":"SearchAction","target":{"@type":"EntryPoint","urlTemplate":"https:\/\/giit.es\/?s={search_term_string}"},"query-input":{"@type":"PropertyValueSpecification","valueRequired":true,"valueName":"search_term_string"}}],"inLanguage":"en-US"}]}},"_links":{"self":[{"href":"https:\/\/giit.es\/en\/wp-json\/wp\/v2\/pages\/1124","targetHints":{"allow":["GET"]}}],"collection":[{"href":"https:\/\/giit.es\/en\/wp-json\/wp\/v2\/pages"}],"about":[{"href":"https:\/\/giit.es\/en\/wp-json\/wp\/v2\/types\/page"}],"author":[{"embeddable":true,"href":"https:\/\/giit.es\/en\/wp-json\/wp\/v2\/users\/1"}],"replies":[{"embeddable":true,"href":"https:\/\/giit.es\/en\/wp-json\/wp\/v2\/comments?post=1124"}],"version-history":[{"count":4,"href":"https:\/\/giit.es\/en\/wp-json\/wp\/v2\/pages\/1124\/revisions"}],"predecessor-version":[{"id":1163,"href":"https:\/\/giit.es\/en\/wp-json\/wp\/v2\/pages\/1124\/revisions\/1163"}],"wp:featuredmedia":[{"embeddable":true,"href":"https:\/\/giit.es\/en\/wp-json\/wp\/v2\/media\/425"}],"wp:attachment":[{"href":"https:\/\/giit.es\/en\/wp-json\/wp\/v2\/media?parent=1124"}],"curies":[{"name":"wp","href":"https:\/\/api.w.org\/{rel}","templated":true}]}}